{"id":5324,"date":"2021-01-10T18:48:26","date_gmt":"2021-01-10T17:48:26","guid":{"rendered":"https:\/\/laguirlande.com\/?page_id=5324"},"modified":"2023-05-23T17:50:35","modified_gmt":"2023-05-23T15:50:35","slug":"kollaborationen","status":"publish","type":"page","link":"https:\/\/laguirlande.com\/de\/kollaborationen\/","title":{"rendered":"Kollaborationen"},"content":{"rendered":"<p>[et_pb_section fb_built=&#8220;1&#8243; _builder_version=&#8220;4.16&#8243; background_color=&#8220;rgba(0,0,0,0)&#8220; width_tablet=&#8220;&#8220; width_phone=&#8220;90%&#8220; width_last_edited=&#8220;on|desktop&#8220; custom_margin=&#8220;||&#8220; module_alignment_tablet=&#8220;&#8220; module_alignment_phone=&#8220;center&#8220; module_alignment_last_edited=&#8220;on|desktop&#8220; global_colors_info=&#8220;{}&#8220;][et_pb_row column_structure=&#8220;1_4,1_2,1_4&#8243; custom_padding_last_edited=&#8220;on|phone&#8220; _builder_version=&#8220;4.16&#8243; width=&#8220;100%&#8220; custom_margin_tablet=&#8220;&#8220; custom_margin_phone=&#8220;||0px&#8220; custom_margin_last_edited=&#8220;on|desktop&#8220; custom_padding=&#8220;5%|||||&#8220; custom_padding_tablet=&#8220;&#8220; custom_padding_phone=&#8220;||0px&#8220; global_colors_info=&#8220;{}&#8220;][et_pb_column type=&#8220;1_4&#8243; _builder_version=&#8220;4.16&#8243; custom_padding=&#8220;|||&#8220; global_colors_info=&#8220;{}&#8220; custom_padding__hover=&#8220;|||&#8220;][\/et_pb_column][et_pb_column type=&#8220;1_2&#8243; _builder_version=&#8220;4.16&#8243; custom_padding=&#8220;|||&#8220; global_colors_info=&#8220;{}&#8220; custom_padding__hover=&#8220;|||&#8220;][et_pb_text _builder_version=&#8220;4.16&#8243; text_font=&#8220;Raleway|300|||||||&#8220; text_text_color=&#8220;#232323&#8243; text_font_size=&#8220;13px&#8220; text_letter_spacing=&#8220;2px&#8220; header_font=&#8220;||||||||&#8220; width=&#8220;100%&#8220; module_alignment=&#8220;center&#8220; custom_margin=&#8220;||2px|||&#8220; custom_margin_tablet=&#8220;&#8220; custom_margin_phone=&#8220;||0px&#8220; custom_margin_last_edited=&#8220;on|desktop&#8220; custom_padding=&#8220;||8px|||&#8220; custom_padding_tablet=&#8220;&#8220; custom_padding_phone=&#8220;||0px&#8220; custom_padding_last_edited=&#8220;on|desktop&#8220; text_line_height_phone=&#8220;1em&#8220; text_line_height_last_edited=&#8220;off|desktop&#8220; header_letter_spacing_phone=&#8220;0px&#8220; header_letter_spacing_last_edited=&#8220;off|desktop&#8220; header_line_height_phone=&#8220;1em&#8220; header_line_height_last_edited=&#8220;off|desktop&#8220; global_colors_info=&#8220;{}&#8220;]<\/p>\n<p>ZUSAMMENARBEIT MIT WEITEREN ENSEMBLES<\/p>\n<p>[\/et_pb_text][\/et_pb_column][et_pb_column type=&#8220;1_4&#8243; _builder_version=&#8220;4.16&#8243; custom_padding=&#8220;|||&#8220; global_colors_info=&#8220;{}&#8220; custom_padding__hover=&#8220;|||&#8220;][\/et_pb_column][\/et_pb_row][et_pb_row _builder_version=&#8220;4.16&#8243; background_size=&#8220;initial&#8220; background_position=&#8220;top_left&#8220; background_repeat=&#8220;repeat&#8220; width=&#8220;100%&#8220; custom_padding=&#8220;0%|||||&#8220; global_colors_info=&#8220;{}&#8220;][et_pb_column type=&#8220;4_4&#8243; _builder_version=&#8220;4.16&#8243; custom_padding=&#8220;|||&#8220; global_colors_info=&#8220;{}&#8220; custom_padding__hover=&#8220;|||&#8220;][et_pb_divider color=&#8220;rgba(33,33,33,0.09)&#8220; _builder_version=&#8220;4.16&#8243; custom_padding=&#8220;||43px|||&#8220; custom_padding_tablet=&#8220;&#8220; custom_padding_phone=&#8220;||0px&#8220; custom_padding_last_edited=&#8220;on|desktop&#8220; global_colors_info=&#8220;{}&#8220;][\/et_pb_divider][\/et_pb_column][\/et_pb_row][et_pb_row column_structure=&#8220;1_4,1_2,1_4&#8243; _builder_version=&#8220;4.16&#8243; background_size=&#8220;initial&#8220; background_position=&#8220;top_left&#8220; background_repeat=&#8220;repeat&#8220; width=&#8220;100%&#8220; custom_margin=&#8220;||&#8220; custom_padding=&#8220;4%||0px|||&#8220; global_colors_info=&#8220;{}&#8220;][et_pb_column type=&#8220;1_4&#8243; _builder_version=&#8220;4.16&#8243; custom_padding=&#8220;|||&#8220; global_colors_info=&#8220;{}&#8220; custom_padding__hover=&#8220;|||&#8220;][\/et_pb_column][et_pb_column type=&#8220;1_2&#8243; _builder_version=&#8220;4.16&#8243; custom_padding=&#8220;|||&#8220; global_colors_info=&#8220;{}&#8220; custom_padding__hover=&#8220;|||&#8220;][et_pb_image src=&#8220;https:\/\/laguirlande.com\/wp-content\/uploads\/2019\/08\/04.jpg&#8220; _builder_version=&#8220;4.16&#8243; global_colors_info=&#8220;{}&#8220;][\/et_pb_image][et_pb_text _builder_version=&#8220;4.16&#8243; text_font=&#8220;||||||||&#8220; custom_margin=&#8220;||12px|||&#8220; global_colors_info=&#8220;{}&#8220;]<\/p>\n<h2>ACCADEMIA BAROCCA LUCERNENSIS<\/h2>\n<p>[\/et_pb_text][et_pb_text _builder_version=&#8220;4.16&#8243; text_font=&#8220;Lato||||||||&#8220; text_text_color=&#8220;#858585&#8243; text_font_size=&#8220;15px&#8220; text_letter_spacing=&#8220;1px&#8220; text_line_height=&#8220;22px&#8220; text_orientation=&#8220;justify&#8220; custom_margin=&#8220;||22px|||&#8220; text_text_align=&#8220;justify&#8220; global_colors_info=&#8220;{}&#8220; text_text_align_phone=&#8220;left&#8220; text_text_align_last_edited=&#8220;on|desktop&#8220; text_text_align_tablet=&#8220;justify&#8220;]<\/p>\n<p>Das Schweizer Barockensemble Accademia Barocca ist 2014 von dem spanischen Orchesterdirigenten Javier Ulises Ill\u00e1n und dem Kulturmanager Martin Caduff in Luzern gegr\u00fcndet worden. Das Ensemble setzt sich aus einem Barockorchester, einem Chor, verschiedenen Solisten und Dirigenten zusammen und spielt in vielen St\u00e4dten der Schweiz.<\/p>\n<p>Im April 2019 ver\u00f6ffentlichte die Accademia Barocca Lucernensis ihre erste CD mit geistlicher Musik, die f\u00fcr die Dresdner Katholische Hofkirche geschrieben worden ist, bei Pan Classics, u.a. mit Werken von Jan Dismas Zelenka und Johann Adolph Hasse. 2019 wurde das Ensemble mit dieser Aufnahme in zwei Kategorien beim Opus Klassik Preis nominiert.<\/p>\n<p>[\/et_pb_text][et_pb_text _builder_version=&#8220;4.16&#8243; custom_margin=&#8220;4%||&#8220; global_colors_info=&#8220;{}&#8220;]<\/p>\n<p><b>Besuchen Sie auch die Internetpr\u00e4senz des Ensembles<br \/><\/b><a href=\"https:\/\/ablucernensis.ch\/home\/\" target=\"_blank\" rel=\"noopener noreferrer\">ablucernensis.ch<\/a><\/p>\n<p>[\/et_pb_text][\/et_pb_column][et_pb_column type=&#8220;1_4&#8243; _builder_version=&#8220;4.16&#8243; custom_padding=&#8220;|||&#8220; global_colors_info=&#8220;{}&#8220; custom_padding__hover=&#8220;|||&#8220;][\/et_pb_column][\/et_pb_row][et_pb_row column_structure=&#8220;1_4,1_2,1_4&#8243; _builder_version=&#8220;4.16&#8243; background_size=&#8220;initial&#8220; background_position=&#8220;top_left&#8220; background_repeat=&#8220;repeat&#8220; width=&#8220;100%&#8220; custom_margin=&#8220;||&#8220; custom_padding=&#8220;4%||0px|||&#8220; global_colors_info=&#8220;{}&#8220;][et_pb_column type=&#8220;1_4&#8243; _builder_version=&#8220;4.16&#8243; custom_padding=&#8220;|||&#8220; global_colors_info=&#8220;{}&#8220; custom_padding__hover=&#8220;|||&#8220;][\/et_pb_column][et_pb_column type=&#8220;1_2&#8243; _builder_version=&#8220;4.16&#8243; custom_padding=&#8220;|||&#8220; global_colors_info=&#8220;{}&#8220; custom_padding__hover=&#8220;|||&#8220;][et_pb_divider color=&#8220;rgba(33,33,33,0.09)&#8220; _builder_version=&#8220;4.16&#8243; custom_margin=&#8220;||7.6%|||&#8220; global_colors_info=&#8220;{}&#8220;][\/et_pb_divider][et_pb_image src=&#8220;https:\/\/laguirlande.com\/wp-content\/uploads\/2019\/08\/01-1.jpg&#8220; _builder_version=&#8220;4.16&#8243; global_colors_info=&#8220;{}&#8220;][\/et_pb_image][et_pb_text _builder_version=&#8220;4.16&#8243; text_font=&#8220;||||||||&#8220; custom_margin=&#8220;||12px|||&#8220; global_colors_info=&#8220;{}&#8220;]<\/p>\n<h2>CARDINAL COMPLEX<\/h2>\n<p>[\/et_pb_text][et_pb_text _builder_version=&#8220;4.16&#8243; text_font=&#8220;Lato||||||||&#8220; text_text_color=&#8220;#858585&#8243; text_font_size=&#8220;15px&#8220; text_letter_spacing=&#8220;1px&#8220; text_line_height=&#8220;22px&#8220; text_orientation=&#8220;justify&#8220; custom_margin=&#8220;||22px|||&#8220; text_text_align=&#8220;justify&#8220; global_colors_info=&#8220;{}&#8220; text_text_align_phone=&#8220;left&#8220; text_text_align_last_edited=&#8220;on|desktop&#8220; text_text_align_tablet=&#8220;justify&#8220;]<\/p>\n<p>Das Ensemble Cardinal Complex wurde vom Cellisten Alex Jellici und den Cembalisten Mat\u00edas Lanz und Thomas J\u00e4ggi 2017 gegr\u00fcndet. Ziel des jungen Ensembles ist es, Musik des 17. und 18. Jahrhunderts auf h\u00f6chstem Niveau und historisch m\u00f6glichst realistisch mit spannenden Besetzungen und lebendigen Tempi zur Auff\u00fchrung zu bringen. Cardinal Complex versteht sich als Pool von Barockmusikern, der von der kleinen Kammerbesetzung bis zu orchestraler Gr\u00f6sse beliebig erweitert werden kann. Ein Schwerpunkt liegt auf besonders farbiger und wuchtiger Generalbassbesetzung mit mehreren Tasten-, Zupf-, Streich- und Blasinstrumenten.<\/p>\n<p>Der Name setzt sich zusammen aus \u201cCardinal\u201d \u2013 Kardinalsfarbe Rot: Farbe der Leidenschaft, sinnbildlich f\u00fcr die geteilte und ungebremste musikalische Leidenschaft seiner Mitglieder \u2013 und \u201cComplex\u201d: Complesso, Ensemble.<\/p>\n<p>In seiner Quartettformation \u2014 Aliza Vicente, Luis Mart\u00ednez, Alex Jellici und Mat\u00edas Lanz \u2014 hat Cardinal Complex beim 3. Internationalen Berliner-Bach-Wettbewerb den 2. Preis gewonnen.<\/p>\n<p>[\/et_pb_text][et_pb_text _builder_version=&#8220;4.16&#8243; custom_margin=&#8220;4%||&#8220; global_colors_info=&#8220;{}&#8220;]<\/p>\n<p><b>Besuchen Sie auch die Internetpr\u00e4senz des Ensembles<br \/><\/b><a href=\"https:\/\/www.cardinalcomplex.com\" target=\"_blank\" rel=\"noopener noreferrer\">cardinalcomplex.com<\/a><\/p>\n<p>[\/et_pb_text][\/et_pb_column][et_pb_column type=&#8220;1_4&#8243; _builder_version=&#8220;4.16&#8243; custom_padding=&#8220;|||&#8220; global_colors_info=&#8220;{}&#8220; custom_padding__hover=&#8220;|||&#8220;][\/et_pb_column][\/et_pb_row][et_pb_row column_structure=&#8220;1_4,1_2,1_4&#8243; _builder_version=&#8220;4.16&#8243; background_size=&#8220;initial&#8220; background_position=&#8220;top_left&#8220; background_repeat=&#8220;repeat&#8220; width=&#8220;100%&#8220; custom_margin=&#8220;||&#8220; custom_padding=&#8220;4%||0px|||&#8220; global_colors_info=&#8220;{}&#8220;][et_pb_column type=&#8220;1_4&#8243; _builder_version=&#8220;4.16&#8243; custom_padding=&#8220;|||&#8220; global_colors_info=&#8220;{}&#8220; custom_padding__hover=&#8220;|||&#8220;][\/et_pb_column][et_pb_column type=&#8220;1_2&#8243; _builder_version=&#8220;4.16&#8243; custom_padding=&#8220;|||&#8220; global_colors_info=&#8220;{}&#8220; custom_padding__hover=&#8220;|||&#8220;][et_pb_divider color=&#8220;rgba(33,33,33,0.09)&#8220; _builder_version=&#8220;4.16&#8243; custom_margin=&#8220;||7.6%|||&#8220; global_colors_info=&#8220;{}&#8220;][\/et_pb_divider][et_pb_image src=&#8220;https:\/\/laguirlande.com\/wp-content\/uploads\/2019\/08\/02.jpg&#8220; _builder_version=&#8220;4.16&#8243; global_colors_info=&#8220;{}&#8220;][\/et_pb_image][et_pb_text _builder_version=&#8220;4.16&#8243; text_font=&#8220;||||||||&#8220; custom_margin=&#8220;||12px|||&#8220; global_colors_info=&#8220;{}&#8220;]<\/p>\n<h2>CHIAVE D\u00b4ARCO<\/h2>\n<p>[\/et_pb_text][et_pb_text _builder_version=&#8220;4.16&#8243; text_font=&#8220;Lato||||||||&#8220; text_text_color=&#8220;#858585&#8243; text_font_size=&#8220;15px&#8220; text_letter_spacing=&#8220;1px&#8220; text_line_height=&#8220;22px&#8220; text_orientation=&#8220;justify&#8220; custom_margin=&#8220;||22px|||&#8220; text_text_align=&#8220;justify&#8220; global_colors_info=&#8220;{}&#8220; text_text_align_phone=&#8220;left&#8220; text_text_align_last_edited=&#8220;on|desktop&#8220; text_text_align_tablet=&#8220;justify&#8220;]<\/p>\n<p>Das Ensemble Chiave d&#8217;Arco enstand 2015 aus jahrelanger Freundschaft und musikalischer Verbundenheit seiner Mitglieder. Mehrere von ihnen konzertierten gemeinsam im European Union Baroque Orchestra (EUBO) oder haben sich im Verlauf ihres Studiums an Schweizer Musikhochschulen wie der Schola Cantorum Basiliensis, Z\u00fcrcher Hochschule der K\u00fcnste, Hochschule der K\u00fcnste Bern oder der Hochschule Luzern kennengelernt.<\/p>\n<p>Das Orchester vereint acht Nationalit\u00e4ten: Schweiz, Italien, Spanien, Deutschland, Frankreich, Russland, Slowakei und Polen. Das Zusammenf\u00fchren dieser verschiedenen Kulturen und Sprachen in Musik ist Chiave d\u2019Arcos wichtigstes Ziel. Die wertvolle Erfahrung im Zusammenspiel in den verschiedensten Formationen \u2014 vom Streichquartett bis zum Barockorchester \u2014 verspricht immer wieder aufs Neue spannende Konzertprogramme und frische, packende Interpretationen.<\/p>\n<p>In diesem Zusammenhang ist es dem Orchester ein Anliegen, nicht nur in wichtigen S\u00e4len und Musikfestivals zu konzertieren, sondern seine Musik auch an entlegeneren Orten zu spielen und dies f\u00fcr Menschen, die keinen direkten oder einfachen Zugang zu den grossen Musikzentren haben. Durch die Umsetzung der Kenntnisse der historischen Auff\u00fchrungspraxis m\u00f6chte das Ensemble m\u00f6glichst wahrheitsgetreue Interpretationen liefern, diese jedoch dem Publikum des 21. Jahrhunderts modern und packend vermitteln.<\/p>\n<p>[\/et_pb_text][et_pb_text _builder_version=&#8220;4.16&#8243; custom_margin=&#8220;4%||&#8220; global_colors_info=&#8220;{}&#8220;]<\/p>\n<p><b>Besuchen Sie auch die Internetpr\u00e4senz des Ensembles<br \/><\/b><a href=\"https:\/\/www.cdarco.com\" target=\"_blank\" rel=\"noopener noreferrer\">cdarco.com<\/a><\/p>\n<p>[\/et_pb_text][\/et_pb_column][et_pb_column type=&#8220;1_4&#8243; _builder_version=&#8220;4.16&#8243; custom_padding=&#8220;|||&#8220; global_colors_info=&#8220;{}&#8220; custom_padding__hover=&#8220;|||&#8220;][\/et_pb_column][\/et_pb_row][et_pb_row column_structure=&#8220;1_4,1_2,1_4&#8243; custom_padding_last_edited=&#8220;on|desktop&#8220; _builder_version=&#8220;4.16&#8243; background_size=&#8220;initial&#8220; background_position=&#8220;top_left&#8220; background_repeat=&#8220;repeat&#8220; width=&#8220;100%&#8220; custom_margin_tablet=&#8220;&#8220; custom_margin_phone=&#8220;0px||&#8220; custom_margin_last_edited=&#8220;on|desktop&#8220; custom_padding=&#8220;4%||&#8220; custom_padding_tablet=&#8220;&#8220; custom_padding_phone=&#8220;0px||0px|||&#8220; global_colors_info=&#8220;{}&#8220;][et_pb_column type=&#8220;1_4&#8243; _builder_version=&#8220;4.16&#8243; custom_padding=&#8220;|||&#8220; global_colors_info=&#8220;{}&#8220; custom_padding__hover=&#8220;|||&#8220;][\/et_pb_column][et_pb_column type=&#8220;1_2&#8243; _builder_version=&#8220;4.16&#8243; custom_padding=&#8220;|||&#8220; global_colors_info=&#8220;{}&#8220; custom_padding__hover=&#8220;|||&#8220;][et_pb_divider color=&#8220;rgba(33,33,33,0.09)&#8220; _builder_version=&#8220;4.16&#8243; custom_margin=&#8220;||7.6%|||&#8220; global_colors_info=&#8220;{}&#8220;][\/et_pb_divider][et_pb_image src=&#8220;https:\/\/laguirlande.com\/wp-content\/uploads\/2023\/05\/457d13_94d15baff9a046ea86a0a37603277a8amv2.webp&#8220; title_text=&#8220;457d13_94d15baff9a046ea86a0a37603277a8a~mv2&#8243; _builder_version=&#8220;4.21.0&#8243; global_colors_info=&#8220;{}&#8220;][\/et_pb_image][et_pb_text _builder_version=&#8220;4.21.0&#8243; text_font=&#8220;||||||||&#8220; custom_margin=&#8220;||12px|||&#8220; global_colors_info=&#8220;{}&#8220;]<\/p>\n<h2>LOS ELEMENTOS<\/h2>\n<p>[\/et_pb_text][et_pb_text _builder_version=&#8220;4.21.0&#8243; text_font=&#8220;Lato||||||||&#8220; text_text_color=&#8220;#858585&#8243; text_font_size=&#8220;15px&#8220; text_letter_spacing=&#8220;1px&#8220; text_line_height=&#8220;22px&#8220; text_orientation=&#8220;justify&#8220; custom_margin=&#8220;||22px|||&#8220; text_text_align=&#8220;justify&#8220; global_colors_info=&#8220;{}&#8220; text_text_align_phone=&#8220;left&#8220; text_text_align_last_edited=&#8220;on|desktop&#8220; text_text_align_tablet=&#8220;justify&#8220;]<\/p>\n<p class=\"font_8 wixui-rich-text__text\"><span class=\"wixui-rich-text__text\">Das Ensemble Los Elementos wurde 2018 mit dem Ziel gegr\u00fcndet, die Zarzuela Vendado es Amor, no es ciego des Komponisten Jos\u00e9 de Nebra, einem der gr\u00f6\u00dften Vertreter des spanischen Barock, zum ersten Mal mit historischen Instrumenten aufzuf\u00fchren. Es wurde von Alberto Migu\u00e9lez Rouco gegr\u00fcndet und besteht aus Musikern verschiedener Nationalit\u00e4ten, von denen die meisten mit der Schola Cantorum Basiliensis in der Schweiz verbunden sind. Eines ihrer Hauptziele ist die Auff\u00fchrung, Wiederherstellung und Verbreitung des reichen musikalischen Erbes Spaniens, insbesondere desjenigen des 18. Jahrhunderts. Im Jahr 2019 nahm die Gruppe Vendado es Amor, no es ciego von Jos\u00e9 de Nebra in Zusammenarbeit mit der Schola Cantorum Basiliensis f\u00fcr das Plattenlabel Glossa auf, eine Aufnahme, die eine ausgezeichnete nationale und internationale Resonanz erhielt, was sie dazu veranlasste, diese Zarzuela beim Festival de Amigos de la \u00d3pera de La Coru\u00f1a im Jahr 2020 aufzuf\u00fchren. Ihre zweite CD, Cantadas, ein Soloalbum von Alberto Migu\u00e9lez Rouco, das den geistlichen Werken von Jos\u00e9 de Nebra und Francisco Corselli gewidmet ist, wird 2021 erscheinen, und die Zarzuela Donde hay violencia, no hay culpa, ebenfalls von Jos\u00e9 de Nebra, wird im Oktober 2022 als Weltpremiere aufgenommen.<\/span><\/p>\n<p class=\"font_8 wixui-rich-text__text\"><span class=\"wixui-rich-text__text\">K\u00fcrzlich hat das Ensemble zusammen mit Migu\u00e9lez Rouco am Zyklus Universo Barroco im Auditorio Nacional de M\u00fasica in Madrid mit Vendado es Amor, no es ciego teilgenommen; im Februar 2023 werden sie das gro\u00dfe Miserere a 8 von Jos\u00e9 de Nebra in Basel wiederaufnehmen; und im M\u00e4rz 2023 werden sie Donde hay violencia, no hay culpa am Teatro de la Zarzuela in einer Inszenierung von Rafael Villalobos auff\u00fchren.<\/span><\/p>\n<p class=\"font_8 wixui-rich-text__text\"><span class=\"wixui-rich-text__text\">Zu den n\u00e4chsten Engagements geh\u00f6ren die Er\u00f6ffnung des Stockholmer Festivals f\u00fcr Alte Musik im Juni 2023 und die Aufnahme von Jos\u00e9 de Nebras Oper Venus und Adonis.<\/span><\/p>\n<p>[\/et_pb_text][et_pb_text _builder_version=&#8220;4.21.0&#8243; custom_margin=&#8220;4%||&#8220; global_colors_info=&#8220;{}&#8220;]<\/p>\n<p><b>Besuchen Sie auch die Internetpr\u00e4senz von Los Elementos<br \/><\/b><a href=\"https:\/\/www.loselementosensemble.com\/de\" target=\"_blank\" rel=\"noopener noreferrer\">www.loselementosensemble.com<\/a><\/p>\n<p>[\/et_pb_text][\/et_pb_column][et_pb_column type=&#8220;1_4&#8243; _builder_version=&#8220;4.16&#8243; custom_padding=&#8220;|||&#8220; global_colors_info=&#8220;{}&#8220; custom_padding__hover=&#8220;|||&#8220;][\/et_pb_column][\/et_pb_row][et_pb_row column_structure=&#8220;1_4,1_2,1_4&#8243; custom_padding_last_edited=&#8220;on|desktop&#8220; _builder_version=&#8220;4.16&#8243; background_size=&#8220;initial&#8220; background_position=&#8220;top_left&#8220; background_repeat=&#8220;repeat&#8220; width=&#8220;100%&#8220; custom_margin_tablet=&#8220;&#8220; custom_margin_phone=&#8220;0px||&#8220; custom_margin_last_edited=&#8220;on|desktop&#8220; custom_padding=&#8220;4%||&#8220; custom_padding_tablet=&#8220;&#8220; custom_padding_phone=&#8220;0px||0px|||&#8220; global_colors_info=&#8220;{}&#8220;][et_pb_column type=&#8220;1_4&#8243; _builder_version=&#8220;4.16&#8243; custom_padding=&#8220;|||&#8220; global_colors_info=&#8220;{}&#8220; custom_padding__hover=&#8220;|||&#8220;][\/et_pb_column][et_pb_column type=&#8220;1_2&#8243; _builder_version=&#8220;4.16&#8243; custom_padding=&#8220;|||&#8220; global_colors_info=&#8220;{}&#8220; custom_padding__hover=&#8220;|||&#8220;][et_pb_divider color=&#8220;rgba(33,33,33,0.09)&#8220; _builder_version=&#8220;4.16&#8243; custom_margin=&#8220;||7.6%|||&#8220; global_colors_info=&#8220;{}&#8220;][\/et_pb_divider][et_pb_image src=&#8220;https:\/\/laguirlande.com\/wp-content\/uploads\/2023\/05\/Phaedrus-Hofstetten-1-.jpg&#8220; title_text=&#8220;Phaedrus Hofstetten 1-&#8220; _builder_version=&#8220;4.21.0&#8243; global_colors_info=&#8220;{}&#8220;][\/et_pb_image][et_pb_text _builder_version=&#8220;4.16&#8243; text_font=&#8220;||||||||&#8220; custom_margin=&#8220;||12px|||&#8220; global_colors_info=&#8220;{}&#8220;]<\/p>\n<h2>PHAEDRUS<\/h2>\n<p>[\/et_pb_text][et_pb_text _builder_version=&#8220;4.21.0&#8243; text_font=&#8220;Lato||||||||&#8220; text_text_color=&#8220;#858585&#8243; text_font_size=&#8220;15px&#8220; text_letter_spacing=&#8220;1px&#8220; text_line_height=&#8220;22px&#8220; text_orientation=&#8220;justify&#8220; custom_margin=&#8220;||22px|||&#8220; text_text_align=&#8220;justify&#8220; global_colors_info=&#8220;{}&#8220; text_text_align_phone=&#8220;left&#8220; text_text_align_last_edited=&#8220;on|desktop&#8220; text_text_align_tablet=&#8220;justify&#8220;]<\/p>\n<p class=\"x_gmail-p1\">Das Ensemble Phaedrus hat sich zum Ziel gesetzt, den vergessenen Klang des Traverso-Consorts der Renaissance f\u00fcr das moderne Publikum aufzubereiten, indem es die westliche Polyphonie des 16. Jahrhunderts und fr\u00fchen 17. Jahrhunderts mit Leben erf\u00fcllt.<\/p>\n<p class=\"x_gmail-p1\">Alle Mitglieder des Ensembles Phaedrus studierten an der Schola Cantorum Basiliensis und kommen aus verschiedenen Teilen der Welt, darunter die USA, Russland, Spanien,\u00a0<span class=\"x_gmail-s2\">Slowenien<\/span>, Italien und\u00a0<span class=\"x_gmail-s2\">der<\/span>\u00a0Schweiz. Das Ensemble strebt an, jedem Mitglied die M\u00f6glichkeit einer individuellen und differenzierten Interpretation der dargebotenen Musik zu geben. W\u00e4hrend ihres Studiums an der SCB wurde das Ensemble von Anne Smith, Johanna Bartz, Dominique Vellard, Peter Croton, Crawford Young, Marc Lewon und Baptiste Romain geleitet.<\/p>\n<p class=\"x_gmail-p1\">Dem urspr\u00fcnglich vierstimmigen Consort traten Miriam Trevisan (Gesang) und Bor Zuljan (Laute) bei, um die Beziehung der Renaissance-Traversfl\u00f6te zur menschlichen Stimme sowie zu zeitgen\u00f6ssischen Instrumenten noch facettenreicher darzustellen. Phaedrus spielt auf Fl\u00f6ten, die der renommierte Fl\u00f6tenbauer Giovanni Tardino dem Original-Consort der Fl\u00f6ten, die in der\u00a0<i>Accademia Filarmonica<\/i>\u00a0in Verona erhalten sind, nachempfunden hat.<\/p>\n<p class=\"x_gmail-p1\">Die geteilte Faszination f\u00fcr die kraftvolle und doch raffinierte Sch\u00f6nheit der Musik der Renaissance, sowie die humanistische Philosophie und rhetorische Praxis, die zum unverwechselbaren Charakter der Musik des 16. und 17. Jahrhunderts beitrugen, brachte das Ensemble zusammen. In diesem Sinne wurde der Name \u201e<i>Phaidros<\/i>\u201d aus Platons klassischem Text gew\u00e4hlt, in dem Sokrates anf\u00fchrt, dass die Kunst der Rhetorik aus Wahnsinn, g\u00f6ttlicher Inspiration und vor allem aus Liebe entspr\u00e4nge.<\/p>\n<p>[\/et_pb_text][et_pb_text _builder_version=&#8220;4.16&#8243; custom_margin=&#8220;4%||&#8220; global_colors_info=&#8220;{}&#8220;]<\/p>\n<p><b>Besuchen Sie auch die Internetpr\u00e4senz von Phaedrus<br \/><\/b><a href=\"https:\/\/www.ensemblephaedrus.com\" target=\"_blank\" rel=\"noopener noreferrer\">ensemblephaedrus.com<\/a><\/p>\n<p>[\/et_pb_text][\/et_pb_column][et_pb_column type=&#8220;1_4&#8243; _builder_version=&#8220;4.16&#8243; custom_padding=&#8220;|||&#8220; global_colors_info=&#8220;{}&#8220; custom_padding__hover=&#8220;|||&#8220;][\/et_pb_column][\/et_pb_row][et_pb_row column_structure=&#8220;1_4,1_2,1_4&#8243; _builder_version=&#8220;4.16&#8243; background_size=&#8220;initial&#8220; background_position=&#8220;top_left&#8220; background_repeat=&#8220;repeat&#8220; width=&#8220;100%&#8220; custom_margin=&#8220;||3%&#8220; custom_padding=&#8220;4%||0px|||&#8220; global_colors_info=&#8220;{}&#8220;][et_pb_column type=&#8220;1_4&#8243; _builder_version=&#8220;4.16&#8243; custom_padding=&#8220;|||&#8220; global_colors_info=&#8220;{}&#8220; custom_padding__hover=&#8220;|||&#8220;][\/et_pb_column][et_pb_column type=&#8220;1_2&#8243; _builder_version=&#8220;4.16&#8243; custom_padding=&#8220;|||&#8220; global_colors_info=&#8220;{}&#8220; custom_padding__hover=&#8220;|||&#8220;][et_pb_divider color=&#8220;rgba(33,33,33,0.09)&#8220; _builder_version=&#8220;4.16&#8243; custom_margin=&#8220;||7.6%|||&#8220; global_colors_info=&#8220;{}&#8220;][\/et_pb_divider][et_pb_image src=&#8220;https:\/\/laguirlande.com\/wp-content\/uploads\/2019\/08\/03.jpg&#8220; _builder_version=&#8220;4.16&#8243; global_colors_info=&#8220;{}&#8220;][\/et_pb_image][et_pb_text _builder_version=&#8220;4.16&#8243; text_font=&#8220;||||||||&#8220; custom_margin=&#8220;||12px|||&#8220; global_colors_info=&#8220;{}&#8220;]<\/p>\n<h2>SVAPINGA CONSORT<\/h2>\n<p>[\/et_pb_text][et_pb_text _builder_version=&#8220;4.21.0&#8243; text_font=&#8220;Lato||||||||&#8220; text_text_color=&#8220;#858585&#8243; text_font_size=&#8220;15px&#8220; text_letter_spacing=&#8220;1px&#8220; text_line_height=&#8220;22px&#8220; text_orientation=&#8220;justify&#8220; custom_margin=&#8220;||22px|||&#8220; text_text_align=&#8220;justify&#8220; global_colors_info=&#8220;{}&#8220; text_text_align_phone=&#8220;left&#8220; text_text_align_last_edited=&#8220;on|desktop&#8220; text_text_align_tablet=&#8220;justify&#8220;]<\/p>\n<p>Das Svapinga Consort verbindet den s\u00fc\u00dfen Klang historischer Instrumente mit einer rhetorisch gepr\u00e4gten, sprechenden Spielweise. Seine Musiker*innen pr\u00e4gt eine besondere Leidenschaft f\u00fcr stilistische Vielfalt, k\u00fcnstlerische Selbstreflexion und interpretative Konsequenz. In innovativen Formaten und unkonventionellen Konzepten wird bei Auff\u00fchrungen des Ensembles Musik von der Renaissance bis zum fr\u00fchen 20. Jahrhundert lebendig und sinnlich erfahrbar.<\/p>\n<p>Geleitet wird das Svapinga Consort von Maria Raffaele (Oboe) und Sofya Gandilyan (Tasteninstrumente). Bei gr\u00f6\u00dferen Besetzungen wirken regelm\u00e4\u00dfig Amy Shen (Violine &amp; Viola) und Anderson Fiorelli (Violoncello) mit, weitere Musiker kommen je nach Repertoire dazu. In M\u00fcnchen gestaltet das Ensemble seit 2016 eine eigene Konzertreihe sowie ein umfangreiches Education-Angebot f\u00fcr j\u00fcngere Menschen. Dazu kommen regelm\u00e4\u00dfig Auftritte im In- und Ausland sowie Kooperationen mit Ensembles wie InVocare Basel oder dem Freiburger Kammerchor.<\/p>\n<p>Einen besonderen Fokus legt das Svapinga Consort auf die Besch\u00e4ftigung mit deutschen Hofmusiken. Von der M\u00fcnchner Hofkapelle unter Orlando di Lasso im 16. Jahrhundert bis hin zu Pisendels ber\u00fchmten Dresdner Orchester waren diese Ensembles lange musikalische Schmelztiegel und Anziehungspunkte f\u00fcr Musiker aus ganz Europa. Die hier schlummernde Vielfalt an Repertoire, Instrumenten und Besetzungen wird von den Mitgliedern des Svapinga Consorts immer weiter erforscht und in Klang umgesetzt. Weitere Schwerpunkte des Ensembles sind die Musik der seconda pratica um 1600 sowie Bl\u00e4serkammermusik des 19. Jahrhunderts.<\/p>\n<p>[\/et_pb_text][et_pb_text _builder_version=&#8220;4.16&#8243; custom_margin=&#8220;4%||&#8220; global_colors_info=&#8220;{}&#8220;]<\/p>\n<p><b>Besuchen Sie auch die Internetpr\u00e4senz des Svapinga Consorts<br \/><\/b><a href=\"http:\/\/svapingaconsort.com\" target=\"_blank\" rel=\"noopener noreferrer\">svapingaconsort.com<\/a><\/p>\n<p>[\/et_pb_text][\/et_pb_column][et_pb_column type=&#8220;1_4&#8243; _builder_version=&#8220;4.16&#8243; custom_padding=&#8220;|||&#8220; global_colors_info=&#8220;{}&#8220; custom_padding__hover=&#8220;|||&#8220;][\/et_pb_column][\/et_pb_row][\/et_pb_section]<\/p>\n","protected":false},"excerpt":{"rendered":"<p>ZUSAMMENARBEIT MIT WEITEREN ENSEMBLESACCADEMIA BAROCCA LUCERNENSIS Das Schweizer Barockensemble Accademia Barocca ist 2014 von dem spanischen Orchesterdirigenten Javier Ulises Ill\u00e1n und dem Kulturmanager Martin Caduff in Luzern gegr\u00fcndet worden. Das Ensemble setzt sich aus einem Barockorchester, einem Chor, verschiedenen Solisten und Dirigenten zusammen und spielt in vielen St\u00e4dten der Schweiz. Im April 2019 ver\u00f6ffentlichte die [&hellip;]<\/p>\n","protected":false},"author":1,"featured_media":0,"parent":0,"menu_order":0,"comment_status":"closed","ping_status":"closed","template":"","meta":{"_et_pb_use_builder":"on","_et_pb_old_content":"","_et_gb_content_width":"","footnotes":""},"class_list":["post-5324","page","type-page","status-publish","hentry"],"yoast_head":"<!-- This site is optimized with the Yoast SEO plugin v27.5 - https:\/\/yoast.com\/product\/yoast-seo-wordpress\/ -->\n<title>Kollaborationen - La Guirlande<\/title>\n<meta name=\"robots\" content=\"index, follow, max-snippet:-1, max-image-preview:large, max-video-preview:-1\" \/>\n<link rel=\"canonical\" href=\"https:\/\/laguirlande.com\/de\/kollaborationen\/\" \/>\n<meta property=\"og:locale\" content=\"de_DE\" \/>\n<meta property=\"og:type\" content=\"article\" \/>\n<meta property=\"og:title\" content=\"Kollaborationen - La Guirlande\" \/>\n<meta property=\"og:description\" content=\"ZUSAMMENARBEIT MIT WEITEREN ENSEMBLESACCADEMIA BAROCCA LUCERNENSIS Das Schweizer Barockensemble Accademia Barocca ist 2014 von dem spanischen Orchesterdirigenten Javier Ulises Ill\u00e1n und dem Kulturmanager Martin Caduff in Luzern gegr\u00fcndet worden. Das Ensemble setzt sich aus einem Barockorchester, einem Chor, verschiedenen Solisten und Dirigenten zusammen und spielt in vielen St\u00e4dten der Schweiz. Im April 2019 ver\u00f6ffentlichte die [&hellip;]\" \/>\n<meta property=\"og:url\" content=\"https:\/\/laguirlande.com\/de\/kollaborationen\/\" \/>\n<meta property=\"og:site_name\" content=\"La Guirlande\" \/>\n<meta property=\"article:modified_time\" content=\"2023-05-23T15:50:35+00:00\" \/>\n<meta name=\"twitter:card\" content=\"summary_large_image\" \/>\n<meta name=\"twitter:label1\" content=\"Gesch\u00e4tzte Lesezeit\" \/>\n\t<meta name=\"twitter:data1\" content=\"8\u00a0Minuten\" \/>\n<script type=\"application\/ld+json\" class=\"yoast-schema-graph\">{\"@context\":\"https:\\\/\\\/schema.org\",\"@graph\":[{\"@type\":\"WebPage\",\"@id\":\"https:\\\/\\\/laguirlande.com\\\/de\\\/kollaborationen\\\/\",\"url\":\"https:\\\/\\\/laguirlande.com\\\/de\\\/kollaborationen\\\/\",\"name\":\"Kollaborationen - La Guirlande\",\"isPartOf\":{\"@id\":\"https:\\\/\\\/laguirlande.com\\\/#website\"},\"datePublished\":\"2021-01-10T17:48:26+00:00\",\"dateModified\":\"2023-05-23T15:50:35+00:00\",\"breadcrumb\":{\"@id\":\"https:\\\/\\\/laguirlande.com\\\/de\\\/kollaborationen\\\/#breadcrumb\"},\"inLanguage\":\"de\",\"potentialAction\":[{\"@type\":\"ReadAction\",\"target\":[\"https:\\\/\\\/laguirlande.com\\\/de\\\/kollaborationen\\\/\"]}]},{\"@type\":\"BreadcrumbList\",\"@id\":\"https:\\\/\\\/laguirlande.com\\\/de\\\/kollaborationen\\\/#breadcrumb\",\"itemListElement\":[{\"@type\":\"ListItem\",\"position\":1,\"name\":\"Portada\",\"item\":\"https:\\\/\\\/laguirlande.com\\\/de\\\/\"},{\"@type\":\"ListItem\",\"position\":2,\"name\":\"Kollaborationen\"}]},{\"@type\":\"WebSite\",\"@id\":\"https:\\\/\\\/laguirlande.com\\\/#website\",\"url\":\"https:\\\/\\\/laguirlande.com\\\/\",\"name\":\"La Guirlande\",\"description\":\"M\u00fasica del siglo XVIII y XIX interpretada con criterios historicistas.\",\"potentialAction\":[{\"@type\":\"SearchAction\",\"target\":{\"@type\":\"EntryPoint\",\"urlTemplate\":\"https:\\\/\\\/laguirlande.com\\\/?s={search_term_string}\"},\"query-input\":{\"@type\":\"PropertyValueSpecification\",\"valueRequired\":true,\"valueName\":\"search_term_string\"}}],\"inLanguage\":\"de\"}]}<\/script>\n<!-- \/ Yoast SEO plugin. -->","yoast_head_json":{"title":"Kollaborationen - La Guirlande","robots":{"index":"index","follow":"follow","max-snippet":"max-snippet:-1","max-image-preview":"max-image-preview:large","max-video-preview":"max-video-preview:-1"},"canonical":"https:\/\/laguirlande.com\/de\/kollaborationen\/","og_locale":"de_DE","og_type":"article","og_title":"Kollaborationen - La Guirlande","og_description":"ZUSAMMENARBEIT MIT WEITEREN ENSEMBLESACCADEMIA BAROCCA LUCERNENSIS Das Schweizer Barockensemble Accademia Barocca ist 2014 von dem spanischen Orchesterdirigenten Javier Ulises Ill\u00e1n und dem Kulturmanager Martin Caduff in Luzern gegr\u00fcndet worden. Das Ensemble setzt sich aus einem Barockorchester, einem Chor, verschiedenen Solisten und Dirigenten zusammen und spielt in vielen St\u00e4dten der Schweiz. Im April 2019 ver\u00f6ffentlichte die [&hellip;]","og_url":"https:\/\/laguirlande.com\/de\/kollaborationen\/","og_site_name":"La Guirlande","article_modified_time":"2023-05-23T15:50:35+00:00","twitter_card":"summary_large_image","twitter_misc":{"Gesch\u00e4tzte Lesezeit":"8\u00a0Minuten"},"schema":{"@context":"https:\/\/schema.org","@graph":[{"@type":"WebPage","@id":"https:\/\/laguirlande.com\/de\/kollaborationen\/","url":"https:\/\/laguirlande.com\/de\/kollaborationen\/","name":"Kollaborationen - La Guirlande","isPartOf":{"@id":"https:\/\/laguirlande.com\/#website"},"datePublished":"2021-01-10T17:48:26+00:00","dateModified":"2023-05-23T15:50:35+00:00","breadcrumb":{"@id":"https:\/\/laguirlande.com\/de\/kollaborationen\/#breadcrumb"},"inLanguage":"de","potentialAction":[{"@type":"ReadAction","target":["https:\/\/laguirlande.com\/de\/kollaborationen\/"]}]},{"@type":"BreadcrumbList","@id":"https:\/\/laguirlande.com\/de\/kollaborationen\/#breadcrumb","itemListElement":[{"@type":"ListItem","position":1,"name":"Portada","item":"https:\/\/laguirlande.com\/de\/"},{"@type":"ListItem","position":2,"name":"Kollaborationen"}]},{"@type":"WebSite","@id":"https:\/\/laguirlande.com\/#website","url":"https:\/\/laguirlande.com\/","name":"La Guirlande","description":"M\u00fasica del siglo XVIII y XIX interpretada con criterios historicistas.","potentialAction":[{"@type":"SearchAction","target":{"@type":"EntryPoint","urlTemplate":"https:\/\/laguirlande.com\/?s={search_term_string}"},"query-input":{"@type":"PropertyValueSpecification","valueRequired":true,"valueName":"search_term_string"}}],"inLanguage":"de"}]}},"_links":{"self":[{"href":"https:\/\/laguirlande.com\/de\/wp-json\/wp\/v2\/pages\/5324","targetHints":{"allow":["GET"]}}],"collection":[{"href":"https:\/\/laguirlande.com\/de\/wp-json\/wp\/v2\/pages"}],"about":[{"href":"https:\/\/laguirlande.com\/de\/wp-json\/wp\/v2\/types\/page"}],"author":[{"embeddable":true,"href":"https:\/\/laguirlande.com\/de\/wp-json\/wp\/v2\/users\/1"}],"replies":[{"embeddable":true,"href":"https:\/\/laguirlande.com\/de\/wp-json\/wp\/v2\/comments?post=5324"}],"version-history":[{"count":13,"href":"https:\/\/laguirlande.com\/de\/wp-json\/wp\/v2\/pages\/5324\/revisions"}],"predecessor-version":[{"id":8435,"href":"https:\/\/laguirlande.com\/de\/wp-json\/wp\/v2\/pages\/5324\/revisions\/8435"}],"wp:attachment":[{"href":"https:\/\/laguirlande.com\/de\/wp-json\/wp\/v2\/media?parent=5324"}],"curies":[{"name":"wp","href":"https:\/\/api.w.org\/{rel}","templated":true}]}}