{"id":599,"date":"2015-12-29T14:47:11","date_gmt":"2015-12-29T13:47:11","guid":{"rendered":"https:\/\/laguirlande.com\/REPLACE\/otros-grupos\/?lang=en"},"modified":"2023-05-19T18:12:03","modified_gmt":"2023-05-19T16:12:03","slug":"collaborations","status":"publish","type":"page","link":"https:\/\/laguirlande.com\/en\/collaborations\/","title":{"rendered":"Collaborations"},"content":{"rendered":"<p>[et_pb_section fb_built=&#8221;1&#8243; _builder_version=&#8221;4.16&#8243; background_color=&#8221;rgba(0,0,0,0)&#8221; width_tablet=&#8221;&#8221; width_phone=&#8221;90%&#8221; width_last_edited=&#8221;on|desktop&#8221; custom_margin=&#8221;||&#8221; module_alignment_tablet=&#8221;&#8221; module_alignment_phone=&#8221;center&#8221; module_alignment_last_edited=&#8221;on|desktop&#8221; global_colors_info=&#8221;{}&#8221;][et_pb_row column_structure=&#8221;1_4,1_2,1_4&#8243; custom_padding_last_edited=&#8221;on|phone&#8221; _builder_version=&#8221;4.16&#8243; width=&#8221;100%&#8221; custom_margin_tablet=&#8221;&#8221; custom_margin_phone=&#8221;||0px&#8221; custom_margin_last_edited=&#8221;on|desktop&#8221; custom_padding=&#8221;5%|||||&#8221; custom_padding_tablet=&#8221;&#8221; custom_padding_phone=&#8221;||0px&#8221; global_colors_info=&#8221;{}&#8221;][et_pb_column type=&#8221;1_4&#8243; _builder_version=&#8221;4.16&#8243; custom_padding=&#8221;|||&#8221; global_colors_info=&#8221;{}&#8221; custom_padding__hover=&#8221;|||&#8221;][\/et_pb_column][et_pb_column type=&#8221;1_2&#8243; _builder_version=&#8221;4.16&#8243; custom_padding=&#8221;|||&#8221; global_colors_info=&#8221;{}&#8221; custom_padding__hover=&#8221;|||&#8221;][et_pb_text _builder_version=&#8221;4.16&#8243; text_font=&#8221;Raleway|300|||||||&#8221; text_text_color=&#8221;#232323&#8243; text_font_size=&#8221;13px&#8221; text_letter_spacing=&#8221;2px&#8221; header_font=&#8221;||||||||&#8221; width=&#8221;100%&#8221; module_alignment=&#8221;center&#8221; custom_margin=&#8221;||2px|||&#8221; custom_margin_tablet=&#8221;&#8221; custom_margin_phone=&#8221;||0px&#8221; custom_margin_last_edited=&#8221;on|desktop&#8221; custom_padding=&#8221;||8px|||&#8221; custom_padding_tablet=&#8221;&#8221; custom_padding_phone=&#8221;||0px&#8221; custom_padding_last_edited=&#8221;on|desktop&#8221; text_line_height_phone=&#8221;1em&#8221; text_line_height_last_edited=&#8221;off|desktop&#8221; header_letter_spacing_phone=&#8221;0px&#8221; header_letter_spacing_last_edited=&#8221;off|desktop&#8221; header_line_height_phone=&#8221;1em&#8221; header_line_height_last_edited=&#8221;off|desktop&#8221; global_colors_info=&#8221;{}&#8221;]<\/p>\n<p>GROUPS AND COLLABORATIONS<\/p>\n<p>[\/et_pb_text][\/et_pb_column][et_pb_column type=&#8221;1_4&#8243; _builder_version=&#8221;4.16&#8243; custom_padding=&#8221;|||&#8221; global_colors_info=&#8221;{}&#8221; custom_padding__hover=&#8221;|||&#8221;][\/et_pb_column][\/et_pb_row][et_pb_row _builder_version=&#8221;4.16&#8243; background_size=&#8221;initial&#8221; background_position=&#8221;top_left&#8221; background_repeat=&#8221;repeat&#8221; width=&#8221;100%&#8221; custom_padding=&#8221;0%|||||&#8221; global_colors_info=&#8221;{}&#8221;][et_pb_column type=&#8221;4_4&#8243; _builder_version=&#8221;4.16&#8243; custom_padding=&#8221;|||&#8221; global_colors_info=&#8221;{}&#8221; custom_padding__hover=&#8221;|||&#8221;][et_pb_divider color=&#8221;rgba(33,33,33,0.09)&#8221; _builder_version=&#8221;4.16&#8243; custom_padding=&#8221;||43px|||&#8221; custom_padding_tablet=&#8221;&#8221; custom_padding_phone=&#8221;||0px&#8221; custom_padding_last_edited=&#8221;on|desktop&#8221; global_colors_info=&#8221;{}&#8221;][\/et_pb_divider][\/et_pb_column][\/et_pb_row][et_pb_row column_structure=&#8221;1_4,1_2,1_4&#8243; _builder_version=&#8221;4.16&#8243; background_size=&#8221;initial&#8221; background_position=&#8221;top_left&#8221; background_repeat=&#8221;repeat&#8221; width=&#8221;100%&#8221; custom_margin=&#8221;||&#8221; custom_padding=&#8221;4%||0px|||&#8221; global_colors_info=&#8221;{}&#8221;][et_pb_column type=&#8221;1_4&#8243; _builder_version=&#8221;4.16&#8243; custom_padding=&#8221;|||&#8221; global_colors_info=&#8221;{}&#8221; custom_padding__hover=&#8221;|||&#8221;][\/et_pb_column][et_pb_column type=&#8221;1_2&#8243; _builder_version=&#8221;4.16&#8243; custom_padding=&#8221;|||&#8221; global_colors_info=&#8221;{}&#8221; custom_padding__hover=&#8221;|||&#8221;][et_pb_image src=&#8221;https:\/\/laguirlande.com\/wp-content\/uploads\/2019\/08\/04.jpg&#8221; _builder_version=&#8221;4.16&#8243; global_colors_info=&#8221;{}&#8221;][\/et_pb_image][et_pb_text _builder_version=&#8221;4.16&#8243; text_font=&#8221;||||||||&#8221; custom_margin=&#8221;||12px|||&#8221; global_colors_info=&#8221;{}&#8221;]<\/p>\n<h2>ACCADEMIA BAROCCA LUCERNENSIS<\/h2>\n<p>[\/et_pb_text][et_pb_text _builder_version=&#8221;4.16&#8243; text_font=&#8221;Lato||||||||&#8221; text_text_color=&#8221;#858585&#8243; text_font_size=&#8221;15px&#8221; text_letter_spacing=&#8221;1px&#8221; text_line_height=&#8221;22px&#8221; text_orientation=&#8221;justify&#8221; custom_margin=&#8221;||22px|||&#8221; text_text_align=&#8221;justify&#8221; global_colors_info=&#8221;{}&#8221; text_text_align_phone=&#8221;left&#8221; text_text_align_last_edited=&#8221;on|desktop&#8221; text_text_align_tablet=&#8221;justify&#8221;]<\/p>\n<p>The Swiss baroque ensemble Accademia Barocca Lucernensis was founded in 2014 in Luzern by the Spanish orchestra conductor Javier Ulises Ill\u00e1n and the cultural manager Martin Caduff. Made up of a baroque orchestra, a professional choir, as well as a number of soloists and conductors who collaborate regularly, the Accademia Barocca Lucernensis offers their concerts in different cities in Switzerland.<\/p>\n<p>In April 2019 they published their first CD &#8211; Sacred Music from Dresden Cathedral &#8211; with some works by Jan Dismas Zelenka and Johann Adolf Hasse with the Pan Classics label. With this album, Accademia Barocca Lucernensis was nominated in two categories of the Opus Klassik 2019 awards.<\/p>\n<p>[\/et_pb_text][et_pb_text _builder_version=&#8221;4.16&#8243; custom_margin=&#8221;4%||&#8221; global_colors_info=&#8221;{}&#8221;]<\/p>\n<p><b>Visit website<br \/><\/b><a href=\"https:\/\/ablucernensis.ch\/home\/\" target=\"_blank\" rel=\"noopener noreferrer\">ablucernensis.ch<\/a><\/p>\n<p>[\/et_pb_text][\/et_pb_column][et_pb_column type=&#8221;1_4&#8243; _builder_version=&#8221;4.16&#8243; custom_padding=&#8221;|||&#8221; global_colors_info=&#8221;{}&#8221; custom_padding__hover=&#8221;|||&#8221;][\/et_pb_column][\/et_pb_row][et_pb_row column_structure=&#8221;1_4,1_2,1_4&#8243; _builder_version=&#8221;4.16&#8243; background_size=&#8221;initial&#8221; background_position=&#8221;top_left&#8221; background_repeat=&#8221;repeat&#8221; width=&#8221;100%&#8221; custom_margin=&#8221;||||false|false&#8221; custom_padding=&#8221;4%||0px|||&#8221; global_colors_info=&#8221;{}&#8221;][et_pb_column type=&#8221;1_4&#8243; _builder_version=&#8221;4.16&#8243; custom_padding=&#8221;|||&#8221; global_colors_info=&#8221;{}&#8221; custom_padding__hover=&#8221;|||&#8221;][\/et_pb_column][et_pb_column type=&#8221;1_2&#8243; _builder_version=&#8221;4.16&#8243; custom_padding=&#8221;|||&#8221; global_colors_info=&#8221;{}&#8221; custom_padding__hover=&#8221;|||&#8221;][et_pb_divider color=&#8221;rgba(33,33,33,0.09)&#8221; _builder_version=&#8221;4.16&#8243; custom_margin=&#8221;||7.6%|||&#8221; global_colors_info=&#8221;{}&#8221;][\/et_pb_divider][et_pb_image src=&#8221;https:\/\/laguirlande.com\/wp-content\/uploads\/2019\/08\/01-1.jpg&#8221; _builder_version=&#8221;4.16&#8243; global_colors_info=&#8221;{}&#8221;][\/et_pb_image][et_pb_text _builder_version=&#8221;4.16&#8243; text_font=&#8221;||||||||&#8221; custom_margin=&#8221;||12px|||&#8221; global_colors_info=&#8221;{}&#8221;]<\/p>\n<h2>CARDINAL COMPLEX<\/h2>\n<p>[\/et_pb_text][et_pb_text _builder_version=&#8221;4.16&#8243; text_font=&#8221;Lato||||||||&#8221; text_text_color=&#8221;#858585&#8243; text_font_size=&#8221;15px&#8221; text_letter_spacing=&#8221;1px&#8221; text_line_height=&#8221;22px&#8221; text_orientation=&#8221;justify&#8221; custom_margin=&#8221;||22px|||&#8221; text_text_align=&#8221;justify&#8221; global_colors_info=&#8221;{}&#8221; text_text_align_phone=&#8221;left&#8221; text_text_align_last_edited=&#8221;on|desktop&#8221; text_text_align_tablet=&#8221;justify&#8221;]<\/p>\n<p>Cardinal Complex was founded by the cellist Alex Jellici and the two keyboard players\u00a0Mat\u00edas\u00a0Lanz and Thomas J\u00e4ggi in 2017. The young group\u2019s main goal is to perform music of the 17th and 18th centuries in a historically informed way and at the highest level, sometimes with unusual instrumentation and in lively tempi. Cardinal Complex functions as a pool of musicians ranging from the small quartet constellation up to big orchestral line-ups. A main emphasis lies on the strong and colourful instrumentation of the basso continuo group.<\/p>\n<p>The name consists of \u201cCardinal\u201d \u2013 The cardinal colour red, simbolizing the unrestrained musical passion shared among its members \u2013 and \u201cComplex\u201d in the sense of \u2018complesso\u2019 \u2013 Ensemble.<\/p>\n<p>In its small formation as\u00a0Cardinal Complex Quartet \u2013 Aliza Vicente, Luis Mart\u00ednez, Alex Jellici and Mat\u00edas Lanz \u2013 the group was awarded the 2nd prize at the 3. International Berlin Bach Competition in 2018.<\/p>\n<p>[\/et_pb_text][et_pb_text _builder_version=&#8221;4.16&#8243; custom_margin=&#8221;4%||&#8221; global_colors_info=&#8221;{}&#8221;]<\/p>\n<p><b>Visit website<br \/><\/b><a href=\"https:\/\/www.cardinalcomplex.com\/en\/\" target=\"_blank\" rel=\"noopener noreferrer\">cardinalcomplex.com<\/a><\/p>\n<p>[\/et_pb_text][\/et_pb_column][et_pb_column type=&#8221;1_4&#8243; _builder_version=&#8221;4.16&#8243; custom_padding=&#8221;|||&#8221; global_colors_info=&#8221;{}&#8221; custom_padding__hover=&#8221;|||&#8221;][\/et_pb_column][\/et_pb_row][et_pb_row column_structure=&#8221;1_4,1_2,1_4&#8243; _builder_version=&#8221;4.16&#8243; background_size=&#8221;initial&#8221; background_position=&#8221;top_left&#8221; background_repeat=&#8221;repeat&#8221; width=&#8221;100%&#8221; custom_margin=&#8221;||&#8221; custom_padding=&#8221;4%||0px|||&#8221; global_colors_info=&#8221;{}&#8221;][et_pb_column type=&#8221;1_4&#8243; _builder_version=&#8221;4.16&#8243; custom_padding=&#8221;|||&#8221; global_colors_info=&#8221;{}&#8221; custom_padding__hover=&#8221;|||&#8221;][\/et_pb_column][et_pb_column type=&#8221;1_2&#8243; _builder_version=&#8221;4.16&#8243; custom_padding=&#8221;|||&#8221; global_colors_info=&#8221;{}&#8221; custom_padding__hover=&#8221;|||&#8221;][et_pb_divider color=&#8221;rgba(33,33,33,0.09)&#8221; _builder_version=&#8221;4.16&#8243; custom_margin=&#8221;||7.6%|||&#8221; global_colors_info=&#8221;{}&#8221;][\/et_pb_divider][et_pb_image src=&#8221;https:\/\/laguirlande.com\/wp-content\/uploads\/2019\/08\/02.jpg&#8221; _builder_version=&#8221;4.16&#8243; global_colors_info=&#8221;{}&#8221;][\/et_pb_image][et_pb_text _builder_version=&#8221;4.16&#8243; text_font=&#8221;||||||||&#8221; custom_margin=&#8221;||12px|||&#8221; global_colors_info=&#8221;{}&#8221;]<\/p>\n<h2>CHIAVE D\u00b4ARCO<\/h2>\n<p>[\/et_pb_text][et_pb_text _builder_version=&#8221;4.16&#8243; text_font=&#8221;Lato||||||||&#8221; text_text_color=&#8221;#858585&#8243; text_font_size=&#8221;15px&#8221; text_letter_spacing=&#8221;1px&#8221; text_line_height=&#8221;22px&#8221; text_orientation=&#8221;justify&#8221; custom_margin=&#8221;||22px|||&#8221; text_text_align=&#8221;justify&#8221; global_colors_info=&#8221;{}&#8221; text_text_align_phone=&#8221;left&#8221; text_text_align_last_edited=&#8221;on|desktop&#8221; text_text_align_tablet=&#8221;justify&#8221;]<\/p>\n<p>Chiave d\u2019Arco ensemble was founded in 2015 after various years its members\u2019 friendship and ensemble work. Various members have performed together at the European Union Baroque Orchestra (EUBO) or met during their studies in Switzerland in institutions such as Schola Cantorum Basiliensis, Z\u00fcrcher Hochschule der K\u00fcnste, Hochschule der K\u00fcnste Bern or Hochschule Luzern.<\/p>\n<p>The orchestra brings together up to 8 different nationalities: Switzerland, Italy, Spain, Germany, France, Russia, Slovakia and Poland. To bring together these different cultures and languages through music is the final goal of Chiave d\u2019Arco. The possibility of configuring an ensemble in multiple formations &#8211; from string quartet to baroque orchestra &#8211; always promises thrilling concert programmes, as well as fresh and passionate performances.<\/p>\n<p>In this context, Chiave d\u2019Arco\u2019s goal is not only to perform in important halls and music festivals, but also in more remote places for people who cannot easily attend live concerts. By applying their knowledge of historical performance practice, Chiave d\u2019Arco tries to offer realistic performances, reaching the public in a modern and fascinating manner.<\/p>\n<p>[\/et_pb_text][et_pb_text _builder_version=&#8221;4.16&#8243; custom_margin=&#8221;4%||&#8221; global_colors_info=&#8221;{}&#8221;]<\/p>\n<p><b>Visit website<br \/><\/b><a href=\"https:\/\/www.cdarco.com\" target=\"_blank\" rel=\"noopener noreferrer\">cdarco.com<\/a><\/p>\n<p>[\/et_pb_text][\/et_pb_column][et_pb_column type=&#8221;1_4&#8243; _builder_version=&#8221;4.16&#8243; custom_padding=&#8221;|||&#8221; global_colors_info=&#8221;{}&#8221; custom_padding__hover=&#8221;|||&#8221;][\/et_pb_column][\/et_pb_row][et_pb_row column_structure=&#8221;1_4,1_2,1_4&#8243; custom_padding_last_edited=&#8221;on|desktop&#8221; _builder_version=&#8221;4.16&#8243; background_size=&#8221;initial&#8221; background_position=&#8221;top_left&#8221; background_repeat=&#8221;repeat&#8221; width=&#8221;100%&#8221; custom_margin=&#8221;4%||||false|false&#8221; custom_margin_tablet=&#8221;&#8221; custom_margin_phone=&#8221;0px||&#8221; custom_margin_last_edited=&#8221;on|desktop&#8221; custom_padding_tablet=&#8221;&#8221; custom_padding_phone=&#8221;0px||0px|||&#8221; global_colors_info=&#8221;{}&#8221;][et_pb_column type=&#8221;1_4&#8243; _builder_version=&#8221;4.16&#8243; custom_padding=&#8221;|||&#8221; global_colors_info=&#8221;{}&#8221; custom_padding__hover=&#8221;|||&#8221;][\/et_pb_column][et_pb_column type=&#8221;1_2&#8243; _builder_version=&#8221;4.16&#8243; custom_padding=&#8221;|||&#8221; global_colors_info=&#8221;{}&#8221; custom_padding__hover=&#8221;|||&#8221;][et_pb_divider color=&#8221;rgba(33,33,33,0.09)&#8221; _builder_version=&#8221;4.16&#8243; custom_margin=&#8221;||7.6%|||&#8221; global_colors_info=&#8221;{}&#8221;][\/et_pb_divider][et_pb_image src=&#8221;https:\/\/laguirlande.com\/wp-content\/uploads\/2023\/05\/457d13_94d15baff9a046ea86a0a37603277a8amv2.webp&#8221; title_text=&#8221;457d13_94d15baff9a046ea86a0a37603277a8a~mv2&#8243; _builder_version=&#8221;4.21.0&#8243; global_colors_info=&#8221;{}&#8221;][\/et_pb_image][et_pb_text _builder_version=&#8221;4.21.0&#8243; text_font=&#8221;||||||||&#8221; custom_margin=&#8221;||12px|||&#8221; global_colors_info=&#8221;{}&#8221;]<\/p>\n<h2>LOS ELEMENTOS<\/h2>\n<p>[\/et_pb_text][et_pb_text _builder_version=&#8221;4.21.0&#8243; text_font=&#8221;Lato||||||||&#8221; text_text_color=&#8221;#858585&#8243; text_font_size=&#8221;15px&#8221; text_letter_spacing=&#8221;1px&#8221; text_line_height=&#8221;22px&#8221; text_orientation=&#8221;justify&#8221; custom_margin=&#8221;||22px|||&#8221; text_text_align=&#8221;justify&#8221; global_colors_info=&#8221;{}&#8221; text_text_align_phone=&#8221;left&#8221; text_text_align_last_edited=&#8221;on|desktop&#8221; text_text_align_tablet=&#8221;justify&#8221;]<\/p>\n<p class=\"font_8 wixui-rich-text__text\"><span class=\"wixui-rich-text__text\">The Ensemble Los Elementos was born in 2018 with the aim of performing for the first time with period instruments the zarzuela Vendado es Amor, no es ciego, by the composer Jos\u00e9 de Nebra, one of the greatest exponents of Spanish baroque. Founded by Alberto Migu\u00e9lez Rouco, it is made up of musicians of different nationalities, most of them linked to the Schola Cantorum Basiliensis in Switzerland. One of its main objectives is the performance, recovery and dissemination of Spain&#8217;s rich musical heritage, especially that of the 18th century. In 2019 the group recorded Vendado es Amor, no es ciego by Jos\u00e9 de Nebra in collaboration with the Schola Cantorum Basiliensis for the Glossa record label, a recording that obtained an excellent national and international repercussion, which led them to perform this zarzuela at the Festival de Amigos de la \u00d3pera de La Coru\u00f1a in 2020. Their second disc, Cantadas, a solo album by Alberto Migu\u00e9lez Rouco dedicated to the sacred works of Jos\u00e9 de Nebra and Francisco Corselli, will be released in 2021, and the zarzuela Donde hay violencia, no hay culpa, also by Jos\u00e9 de Nebra, in October 2022, being the first world recording of the same.<\/span><\/p>\n<p class=\"font_8 wixui-rich-text__text\"><span class=\"wixui-rich-text__text\">Recently the ensemble has participated, together with Migu\u00e9lez Rouco, in the cycle Universo Barroco at the Auditorio Nacional de M\u00fasica in Madrid with Vendado es Amor, no es ciego; in February 2023 they will revive the great Miserere a 8 by Jos\u00e9 de Nebra in Basel; and in March 2023 they will perform Donde hay violencia, no hay culpa at the Teatro de la Zarzuela in a production by Rafael Villalobos.<\/span><\/p>\n<p class=\"font_8 wixui-rich-text__text\"><span class=\"wixui-rich-text__text\">Upcoming engagements include the opening of the Stockholm Early Music Festival in June 2023 and the recording of Jos\u00e9 de Nebra&#8217;s opera Venus and Adonis.<\/span><\/p>\n<p>[\/et_pb_text][et_pb_text _builder_version=&#8221;4.21.0&#8243; custom_margin=&#8221;4%||&#8221; global_colors_info=&#8221;{}&#8221;]<\/p>\n<p><b>Visit website<br \/><\/b><a href=\"https:\/\/www.loselementosensemble.com\/en\" target=\"_blank\" rel=\"noopener noreferrer\">loselementosensemble.com<\/a><\/p>\n<p>[\/et_pb_text][\/et_pb_column][et_pb_column type=&#8221;1_4&#8243; _builder_version=&#8221;4.16&#8243; custom_padding=&#8221;|||&#8221; global_colors_info=&#8221;{}&#8221; custom_padding__hover=&#8221;|||&#8221;][\/et_pb_column][\/et_pb_row][et_pb_row column_structure=&#8221;1_4,1_2,1_4&#8243; custom_padding_last_edited=&#8221;on|desktop&#8221; _builder_version=&#8221;4.16&#8243; background_size=&#8221;initial&#8221; background_position=&#8221;top_left&#8221; background_repeat=&#8221;repeat&#8221; width=&#8221;100%&#8221; custom_margin=&#8221;4%||||false|false&#8221; custom_margin_tablet=&#8221;&#8221; custom_margin_phone=&#8221;0px||&#8221; custom_margin_last_edited=&#8221;on|desktop&#8221; custom_padding_tablet=&#8221;&#8221; custom_padding_phone=&#8221;0px||0px|||&#8221; global_colors_info=&#8221;{}&#8221;][et_pb_column type=&#8221;1_4&#8243; _builder_version=&#8221;4.16&#8243; custom_padding=&#8221;|||&#8221; global_colors_info=&#8221;{}&#8221; custom_padding__hover=&#8221;|||&#8221;][\/et_pb_column][et_pb_column type=&#8221;1_2&#8243; _builder_version=&#8221;4.16&#8243; custom_padding=&#8221;|||&#8221; global_colors_info=&#8221;{}&#8221; custom_padding__hover=&#8221;|||&#8221;][et_pb_divider color=&#8221;rgba(33,33,33,0.09)&#8221; _builder_version=&#8221;4.16&#8243; custom_margin=&#8221;||7.6%|||&#8221; global_colors_info=&#8221;{}&#8221;][\/et_pb_divider][et_pb_image src=&#8221;https:\/\/laguirlande.com\/wp-content\/uploads\/2023\/05\/Phaedrus-Hofstetten-1-.jpg&#8221; title_text=&#8221;Phaedrus Hofstetten 1-&#8221; _builder_version=&#8221;4.21.0&#8243; global_colors_info=&#8221;{}&#8221;][\/et_pb_image][et_pb_text _builder_version=&#8221;4.21.0&#8243; text_font=&#8221;||||||||&#8221; custom_margin=&#8221;||12px|||&#8221; global_colors_info=&#8221;{}&#8221;]<\/p>\n<h2>PHAEDRUS<\/h2>\n<p>[\/et_pb_text][et_pb_text _builder_version=&#8221;4.21.0&#8243; text_font=&#8221;Lato||||||||&#8221; text_text_color=&#8221;#858585&#8243; text_font_size=&#8221;15px&#8221; text_letter_spacing=&#8221;1px&#8221; text_line_height=&#8221;22px&#8221; text_orientation=&#8221;justify&#8221; custom_margin=&#8221;||22px|||&#8221; text_text_align=&#8221;justify&#8221; global_colors_info=&#8221;{}&#8221; text_text_align_phone=&#8221;left&#8221; text_text_align_last_edited=&#8221;on|desktop&#8221; text_text_align_tablet=&#8221;justify&#8221;]<\/p>\n<p class=\"font_8 wixui-rich-text__text\"><span class=\"wixui-rich-text__text\">The ensemble Phaedrus\u00a0aims to rekindle the forgotten sound of the Renaissance traverso consort for modern audiences, performing Western polyphony of the 16th and early 17th centuries.<\/span><\/p>\n<p class=\"font_8 wixui-rich-text__text\"><span class=\"wixui-rich-text__text\">Formed during their studies at the Schola Cantorum Basiliensis, the members of Phaedrus come from around the world\u2014USA, Russia, Spain, Slovenia, Italy and Switzerland\u2014giving each performer the opportunity to lend their unique and distinguished perspective to the interpretation of the music performed on stage. During their studies at the SCB, the ensemble was guided collectively and individually by teachers such as Anne Smith, Johanna Bartz, Dominique Vellard, Peter Croton, Crawford Young, Marc Lewon and Baptiste Romain.<\/span><\/p>\n<p class=\"font_8 wixui-rich-text__text\"><span class=\"wixui-rich-text__text\">Originally a four-piece consort, Phaedrus is now enriched by the membership of Miriam Trevisan (voice) and Bor Zuljan (lute) to delve even further into the relationship of the Renaissance traverso to the human voice, as well as to contemporary instruments from the time period. Phaedrus performs on flutes made by the renowned maker, Giovanni Tardino, after the original consort of flutes which survive in the Accademia Filarmonica in Verona. <\/span><span class=\"wixui-rich-text__text\">The ensemble was brought together by a shared fascination with the powerful yet refined beauty of Renaissance music, as well as the humanist philosophy and rhetorical practices which gave music its distinctive character in the 16th and 17th centuries. With this in mind, the name &#8216;Phaedrus&#8217; was chosen from Plato&#8217;s classic text in which Socrates claimed that the art of rhetoric flowed from madness, divine inspiration, and above all else, love.<\/span><\/p>\n<p>[\/et_pb_text][et_pb_text _builder_version=&#8221;4.21.0&#8243; custom_margin=&#8221;4%||&#8221; global_colors_info=&#8221;{}&#8221;]<\/p>\n<p><b>Visit website<br \/><\/b><a href=\"https:\/\/www.ensemblephaedrus.com\/\" target=\"_blank\" rel=\"noopener noreferrer\">ensemblephaedrus.com<\/a><\/p>\n<p>[\/et_pb_text][\/et_pb_column][et_pb_column type=&#8221;1_4&#8243; _builder_version=&#8221;4.16&#8243; custom_padding=&#8221;|||&#8221; global_colors_info=&#8221;{}&#8221; custom_padding__hover=&#8221;|||&#8221;][\/et_pb_column][\/et_pb_row][et_pb_row column_structure=&#8221;1_4,1_2,1_4&#8243; _builder_version=&#8221;4.16&#8243; background_size=&#8221;initial&#8221; background_position=&#8221;top_left&#8221; background_repeat=&#8221;repeat&#8221; width=&#8221;100%&#8221; custom_margin=&#8221;||3%||false|false&#8221; custom_padding=&#8221;4%||0px|||&#8221; global_colors_info=&#8221;{}&#8221;][et_pb_column type=&#8221;1_4&#8243; _builder_version=&#8221;4.16&#8243; custom_padding=&#8221;|||&#8221; global_colors_info=&#8221;{}&#8221; custom_padding__hover=&#8221;|||&#8221;][\/et_pb_column][et_pb_column type=&#8221;1_2&#8243; _builder_version=&#8221;4.16&#8243; custom_padding=&#8221;|||&#8221; global_colors_info=&#8221;{}&#8221; custom_padding__hover=&#8221;|||&#8221;][et_pb_divider color=&#8221;rgba(33,33,33,0.09)&#8221; _builder_version=&#8221;4.16&#8243; custom_margin=&#8221;||7.6%|||&#8221; global_colors_info=&#8221;{}&#8221;][\/et_pb_divider][et_pb_image src=&#8221;https:\/\/laguirlande.com\/wp-content\/uploads\/2019\/08\/03.jpg&#8221; _builder_version=&#8221;4.16&#8243; global_colors_info=&#8221;{}&#8221;][\/et_pb_image][et_pb_text _builder_version=&#8221;4.16&#8243; text_font=&#8221;||||||||&#8221; custom_margin=&#8221;||12px|||&#8221; global_colors_info=&#8221;{}&#8221;]<\/p>\n<h2>SVAPINGA CONSORT<\/h2>\n<p>[\/et_pb_text][et_pb_text _builder_version=&#8221;4.21.0&#8243; text_font=&#8221;Lato||||||||&#8221; text_text_color=&#8221;#858585&#8243; text_font_size=&#8221;15px&#8221; text_letter_spacing=&#8221;1px&#8221; text_line_height=&#8221;22px&#8221; text_orientation=&#8221;justify&#8221; custom_margin=&#8221;||22px|||&#8221; text_text_align=&#8221;justify&#8221; global_colors_info=&#8221;{}&#8221; text_text_align_phone=&#8221;left&#8221; text_text_align_last_edited=&#8221;on|desktop&#8221; text_text_align_tablet=&#8221;justify&#8221;]<\/p>\n<p>The Svapinga Consort combines the sweet sound of historical instruments with a rhetorical, speaking style of playing. Its musicians are characterised by a special passion for stylistic diversity, artistic self-reflection and interpretative consistency. In innovative formats and unconventional concepts, the ensemble brings music from the Renaissance to the early 20th century to life and makes it a sensual experience.<\/p>\n<p>The Svapinga Consort is led by Maria Raffaele (oboe) and Sofya Gandilyan (keyboard instruments). For larger ensembles, Amy Shen (violin &amp; viola) and Anderson Fiorelli (violoncello) regularly participate, with other musicians joining in depending on the repertoire. In Munich, the ensemble has been organising its own concert series since 2016, as well as an extensive educational programme for younger people. In addition, the ensemble regularly performs in Germany and abroad and cooperates with ensembles such as InVocare Basel and the Freiburg Chamber Choir.<\/p>\n<p>The Svapinga Consort has a special focus on German court music. From the Munich court chapel under Orlando di Lasso in the 16th century to Pisendel\u2019s famous Dresden orchestra, these ensembles have long been musical melting pots and centres of attraction for musicians from all over Europe. The diversity of repertoire, instruments and instrumentation that lies dormant here is constantly being explored and translated into sound by the members of the Svapinga Consort. Other focal points of the ensemble are the music of the seconda pratica around 1600 as well as wind chamber music of the 19th century.eiburger Kammerchor.<\/p>\n<p>[\/et_pb_text][et_pb_text _builder_version=&#8221;4.21.0&#8243; custom_margin=&#8221;4%||&#8221; hover_enabled=&#8221;0&#8243; global_colors_info=&#8221;{}&#8221; sticky_enabled=&#8221;0&#8243;]<\/p>\n<p><b>Visit website<br \/><\/b><a href=\"https:\/\/www.svapingaconsort.com\/en\/svapinga-consort-english\/\" target=\"_blank\" rel=\"noopener noreferrer\">svapingaconsort.com<\/a><\/p>\n<p>[\/et_pb_text][\/et_pb_column][et_pb_column type=&#8221;1_4&#8243; _builder_version=&#8221;4.16&#8243; custom_padding=&#8221;|||&#8221; global_colors_info=&#8221;{}&#8221; custom_padding__hover=&#8221;|||&#8221;][\/et_pb_column][\/et_pb_row][\/et_pb_section]<\/p>\n","protected":false},"excerpt":{"rendered":"<p>GROUPS AND COLLABORATIONSACCADEMIA BAROCCA LUCERNENSISThe Swiss baroque ensemble Accademia Barocca Lucernensis was founded in 2014 in Luzern by the Spanish orchestra conductor Javier Ulises Ill\u00e1n and the cultural manager Martin Caduff. Made up of a baroque orchestra, a professional choir, as well as a number of soloists and conductors who collaborate regularly, the Accademia Barocca [&hellip;]<\/p>\n","protected":false},"author":1,"featured_media":0,"parent":0,"menu_order":0,"comment_status":"closed","ping_status":"closed","template":"","meta":{"_et_pb_use_builder":"on","_et_pb_old_content":"","_et_gb_content_width":"","footnotes":""},"class_list":["post-599","page","type-page","status-publish","hentry"],"yoast_head":"<!-- This site is optimized with the Yoast SEO plugin v27.5 - https:\/\/yoast.com\/product\/yoast-seo-wordpress\/ -->\n<title>Collaborations - La Guirlande<\/title>\n<meta name=\"robots\" content=\"index, follow, max-snippet:-1, max-image-preview:large, max-video-preview:-1\" \/>\n<link rel=\"canonical\" href=\"https:\/\/laguirlande.com\/en\/collaborations\/\" \/>\n<meta property=\"og:locale\" content=\"en_US\" \/>\n<meta property=\"og:type\" content=\"article\" \/>\n<meta property=\"og:title\" content=\"Collaborations - La Guirlande\" \/>\n<meta property=\"og:description\" content=\"GROUPS AND COLLABORATIONSACCADEMIA BAROCCA LUCERNENSISThe Swiss baroque ensemble Accademia Barocca Lucernensis was founded in 2014 in Luzern by the Spanish orchestra conductor Javier Ulises Ill\u00e1n and the cultural manager Martin Caduff. Made up of a baroque orchestra, a professional choir, as well as a number of soloists and conductors who collaborate regularly, the Accademia Barocca [&hellip;]\" \/>\n<meta property=\"og:url\" content=\"https:\/\/laguirlande.com\/en\/collaborations\/\" \/>\n<meta property=\"og:site_name\" content=\"La Guirlande\" \/>\n<meta property=\"article:modified_time\" content=\"2023-05-19T16:12:03+00:00\" \/>\n<meta name=\"twitter:card\" content=\"summary_large_image\" \/>\n<meta name=\"twitter:label1\" content=\"Est. reading time\" \/>\n\t<meta name=\"twitter:data1\" content=\"8 minutes\" \/>\n<script type=\"application\/ld+json\" class=\"yoast-schema-graph\">{\"@context\":\"https:\\\/\\\/schema.org\",\"@graph\":[{\"@type\":\"WebPage\",\"@id\":\"https:\\\/\\\/laguirlande.com\\\/en\\\/collaborations\\\/\",\"url\":\"https:\\\/\\\/laguirlande.com\\\/en\\\/collaborations\\\/\",\"name\":\"Collaborations - La Guirlande\",\"isPartOf\":{\"@id\":\"https:\\\/\\\/laguirlande.com\\\/#website\"},\"datePublished\":\"2015-12-29T13:47:11+00:00\",\"dateModified\":\"2023-05-19T16:12:03+00:00\",\"breadcrumb\":{\"@id\":\"https:\\\/\\\/laguirlande.com\\\/en\\\/collaborations\\\/#breadcrumb\"},\"inLanguage\":\"en-US\",\"potentialAction\":[{\"@type\":\"ReadAction\",\"target\":[\"https:\\\/\\\/laguirlande.com\\\/en\\\/collaborations\\\/\"]}]},{\"@type\":\"BreadcrumbList\",\"@id\":\"https:\\\/\\\/laguirlande.com\\\/en\\\/collaborations\\\/#breadcrumb\",\"itemListElement\":[{\"@type\":\"ListItem\",\"position\":1,\"name\":\"Portada\",\"item\":\"https:\\\/\\\/laguirlande.com\\\/en\\\/\"},{\"@type\":\"ListItem\",\"position\":2,\"name\":\"Collaborations\"}]},{\"@type\":\"WebSite\",\"@id\":\"https:\\\/\\\/laguirlande.com\\\/#website\",\"url\":\"https:\\\/\\\/laguirlande.com\\\/\",\"name\":\"La Guirlande\",\"description\":\"M\u00fasica del siglo XVIII y XIX interpretada con criterios historicistas.\",\"potentialAction\":[{\"@type\":\"SearchAction\",\"target\":{\"@type\":\"EntryPoint\",\"urlTemplate\":\"https:\\\/\\\/laguirlande.com\\\/?s={search_term_string}\"},\"query-input\":{\"@type\":\"PropertyValueSpecification\",\"valueRequired\":true,\"valueName\":\"search_term_string\"}}],\"inLanguage\":\"en-US\"}]}<\/script>\n<!-- \/ Yoast SEO plugin. -->","yoast_head_json":{"title":"Collaborations - La Guirlande","robots":{"index":"index","follow":"follow","max-snippet":"max-snippet:-1","max-image-preview":"max-image-preview:large","max-video-preview":"max-video-preview:-1"},"canonical":"https:\/\/laguirlande.com\/en\/collaborations\/","og_locale":"en_US","og_type":"article","og_title":"Collaborations - La Guirlande","og_description":"GROUPS AND COLLABORATIONSACCADEMIA BAROCCA LUCERNENSISThe Swiss baroque ensemble Accademia Barocca Lucernensis was founded in 2014 in Luzern by the Spanish orchestra conductor Javier Ulises Ill\u00e1n and the cultural manager Martin Caduff. Made up of a baroque orchestra, a professional choir, as well as a number of soloists and conductors who collaborate regularly, the Accademia Barocca [&hellip;]","og_url":"https:\/\/laguirlande.com\/en\/collaborations\/","og_site_name":"La Guirlande","article_modified_time":"2023-05-19T16:12:03+00:00","twitter_card":"summary_large_image","twitter_misc":{"Est. reading time":"8 minutes"},"schema":{"@context":"https:\/\/schema.org","@graph":[{"@type":"WebPage","@id":"https:\/\/laguirlande.com\/en\/collaborations\/","url":"https:\/\/laguirlande.com\/en\/collaborations\/","name":"Collaborations - La Guirlande","isPartOf":{"@id":"https:\/\/laguirlande.com\/#website"},"datePublished":"2015-12-29T13:47:11+00:00","dateModified":"2023-05-19T16:12:03+00:00","breadcrumb":{"@id":"https:\/\/laguirlande.com\/en\/collaborations\/#breadcrumb"},"inLanguage":"en-US","potentialAction":[{"@type":"ReadAction","target":["https:\/\/laguirlande.com\/en\/collaborations\/"]}]},{"@type":"BreadcrumbList","@id":"https:\/\/laguirlande.com\/en\/collaborations\/#breadcrumb","itemListElement":[{"@type":"ListItem","position":1,"name":"Portada","item":"https:\/\/laguirlande.com\/en\/"},{"@type":"ListItem","position":2,"name":"Collaborations"}]},{"@type":"WebSite","@id":"https:\/\/laguirlande.com\/#website","url":"https:\/\/laguirlande.com\/","name":"La Guirlande","description":"M\u00fasica del siglo XVIII y XIX interpretada con criterios historicistas.","potentialAction":[{"@type":"SearchAction","target":{"@type":"EntryPoint","urlTemplate":"https:\/\/laguirlande.com\/?s={search_term_string}"},"query-input":{"@type":"PropertyValueSpecification","valueRequired":true,"valueName":"search_term_string"}}],"inLanguage":"en-US"}]}},"_links":{"self":[{"href":"https:\/\/laguirlande.com\/en\/wp-json\/wp\/v2\/pages\/599","targetHints":{"allow":["GET"]}}],"collection":[{"href":"https:\/\/laguirlande.com\/en\/wp-json\/wp\/v2\/pages"}],"about":[{"href":"https:\/\/laguirlande.com\/en\/wp-json\/wp\/v2\/types\/page"}],"author":[{"embeddable":true,"href":"https:\/\/laguirlande.com\/en\/wp-json\/wp\/v2\/users\/1"}],"replies":[{"embeddable":true,"href":"https:\/\/laguirlande.com\/en\/wp-json\/wp\/v2\/comments?post=599"}],"version-history":[{"count":22,"href":"https:\/\/laguirlande.com\/en\/wp-json\/wp\/v2\/pages\/599\/revisions"}],"predecessor-version":[{"id":8427,"href":"https:\/\/laguirlande.com\/en\/wp-json\/wp\/v2\/pages\/599\/revisions\/8427"}],"wp:attachment":[{"href":"https:\/\/laguirlande.com\/en\/wp-json\/wp\/v2\/media?parent=599"}],"curies":[{"name":"wp","href":"https:\/\/api.w.org\/{rel}","templated":true}]}}