{"id":654,"date":"2015-12-29T14:46:32","date_gmt":"2015-12-29T13:46:32","guid":{"rendered":"https:\/\/laguirlande.com\/REPLACE\/noticias\/?lang=en"},"modified":"2019-09-19T18:07:40","modified_gmt":"2019-09-19T16:07:40","slug":"news","status":"publish","type":"page","link":"https:\/\/laguirlande.com\/en\/news\/","title":{"rendered":"News"},"content":{"rendered":"<p>[et_pb_section fb_built=&#8221;1&#8243; custom_padding_last_edited=&#8221;on|desktop&#8221; _builder_version=&#8221;3.24&#8243; background_color=&#8221;rgba(0,0,0,0)&#8221; custom_margin=&#8221;3%||&#8221; custom_margin_phone=&#8221;0%||&#8221; custom_margin_last_edited=&#8221;on|phone&#8221; custom_padding_phone=&#8221;0px||&#8221;][et_pb_row custom_padding=&#8221;|||||true&#8221; custom_margin=&#8221;|||||true&#8221; padding_left_right_link_1=&#8221;true&#8221; _builder_version=&#8221;3.24&#8243; background_size=&#8221;initial&#8221; background_position=&#8221;top_left&#8221; background_repeat=&#8221;repeat&#8221; width_phone=&#8221;90%&#8221; width_last_edited=&#8221;on|phone&#8221;][et_pb_column type=&#8221;4_4&#8243; _builder_version=&#8221;3.0.47&#8243;][et_pb_blog posts_number=&#8221;100&#8243; include_categories=&#8221;10&#8243; show_thumbnail=&#8221;off&#8221; show_content=&#8221;on&#8221; show_author=&#8221;off&#8221; show_date=&#8221;off&#8221; show_categories=&#8221;off&#8221; show_pagination=&#8221;off&#8221; use_overlay=&#8221;on&#8221; overlay_icon_color=&#8221;rgba(0,0,0,0)&#8221; hover_overlay_color=&#8221;rgba(0,0,0,0.3)&#8221; _builder_version=&#8221;3.24&#8243; body_font=&#8221;||||||||&#8221; meta_font=&#8221;||||||||&#8221; meta_text_color=&#8221;rgba(0,0,0,0.43)&#8221; meta_font_size=&#8221;13px&#8221; read_more_font=&#8221;||||||||&#8221; read_more_font_size=&#8221;53px&#8221; pagination_font=&#8221;||||||||&#8221; body_ul_font=&#8221;||||||||&#8221; body_quote_font=&#8221;||||||||&#8221; custom_margin=&#8221;|||||false&#8221; custom_padding=&#8221;|||||true&#8221;][\/et_pb_blog][\/et_pb_column][\/et_pb_row][\/et_pb_section]<\/p>\n","protected":false},"excerpt":{"rendered":"","protected":false},"author":1,"featured_media":0,"parent":0,"menu_order":0,"comment_status":"closed","ping_status":"closed","template":"","meta":{"_et_pb_use_builder":"on","_et_pb_old_content":"<p>[vc_row row_type=\"row\" use_row_as_full_screen_section=\"no\" type=\"full_width\" text_align=\"left\" css_animation=\"\" css=\".vc_custom_1487511221322{margin-bottom: 50px !important;}\"][vc_column][vc_separator type=\"full_width\" color=\"#dddddd\" border_style=\"solid\" thickness=\"0,1\" up=\"130\" down=\"25\"][\/vc_column][\/vc_row][vc_row row_type=\"row\" use_row_as_full_screen_section=\"no\" type=\"full_width\" text_align=\"left\" css_animation=\"\" css=\".vc_custom_1546620499072{margin-bottom: 0px !important;}\"][vc_column width=\"1\/6\"][vc_column_text]<br \/>[\/vc_column_text][\/vc_column][vc_column width=\"2\/3\" css=\".vc_custom_1546620491433{margin-bottom: 0px !important;}\"][vc_single_image image=\"1503\" img_size=\"large\" qode_css_animation=\"element_from_fade\" css=\".vc_custom_1546615869526{margin-bottom: 2% !important;padding-bottom: 25px !important;}\"][vc_accordion active_tab=\"false\" collapsible=\"yes\" style=\"accordion\" accordion_border_radius=\"0.2\"][vc_accordion_tab title=\"Galer\u00eda de im\u00e1genes\"][vc_gallery type=\"image_grid\" images=\"1529,1528,1527,1526,1525,1524,1523,1522,1521,1520,1519,1518,1517,1516,1515,1514,1513,1512,1511,1510,1509,1508,1507,1506,1505,1504\" column_number=\"5\" grayscale=\"no\" space_between_images=\"no\"][\/vc_accordion_tab][\/vc_accordion][vc_column_text css=\".vc_custom_1546615878914{margin-top: 2% !important;}\"]<span style=\"color: #c4c4c4;\">02\/01\/2019<\/span>[\/vc_column_text][vc_column_text]<span style=\"color: #000000;\">La Guirlande, en la Navidad Barroca 2018 de Boadilla del Monte<\/span>[\/vc_column_text][vc_column_text css=\".vc_custom_1546715126326{margin-bottom: 0px !important;}\"]El pasado 30 de Diciembre,\u00a0<em>La Guirlande<\/em> estuvo presente\u00a0en el Palacio del Infante Don Luis de Boadilla del Monte, dentro del ciclo Navidad Barroca 2018, en donde interpret\u00f3 \"Symphonies de No\u00ebl\", un programa dedicado a la m\u00fasica francesa de segunda mitad del siglo XVIII interpretada en <em>Le Concert Spirituel<\/em> de Par\u00eds.<\/p><p>Compartimos con vosotros algunas fotos realizadas durante el concierto.[\/vc_column_text][\/vc_column][vc_column width=\"1\/6\"][vc_column_text]<br \/>[\/vc_column_text][\/vc_column][\/vc_row][vc_row row_type=\"row\" use_row_as_full_screen_section=\"no\" type=\"full_width\" text_align=\"left\" css_animation=\"\" css=\".vc_custom_1546620119290{margin-top: 4% !important;margin-bottom: 4% !important;}\"][vc_column width=\"1\/6\"][\/vc_column][vc_column width=\"2\/3\"][vc_separator type=\"full_width\" color=\"#b5b5b5\" border_style=\"solid\" thickness=\"0,1\"][\/vc_column][vc_column width=\"1\/6\"][\/vc_column][\/vc_row][vc_row row_type=\"row\" use_row_as_full_screen_section=\"no\" type=\"full_width\" text_align=\"left\" css_animation=\"\" css=\".vc_custom_1546620126775{margin-bottom: 0px !important;}\"][vc_column width=\"1\/6\"][vc_column_text]<br \/>[\/vc_column_text][\/vc_column][vc_column width=\"2\/3\" css=\".vc_custom_1546620132780{margin-bottom: 0px !important;}\"][vc_single_image image=\"1501\" img_size=\"600x600\" alignment=\"center\" qode_css_animation=\"element_from_fade\" css=\".vc_custom_1549218507950{padding-bottom: 25px !important;}\"][vc_column_text]<span style=\"color: #c4c4c4;\">13\/12\/2018<\/span>[\/vc_column_text][vc_column_text]<span style=\"color: #0a0a0a;\">La Guirlande, ganador del segundo premio en CREAR18<\/span>[\/vc_column_text][vc_column_text]<\/p><p class=\"gmail_msg\">El pasado 12 de Diciembre de 2018, <em>La Guirlande<\/em>\u00a0fue galardonado con el segundo premio en los premios CREAR18 a J\u00f3venes Talentos Aragoneses. <em>La Guirlande<\/em> fue seleccionado como uno de los proyectos premiados entre m\u00e1s de 159 propuestas.<\/p><p>[\/vc_column_text][\/vc_column][vc_column width=\"1\/6\"][vc_column_text]<br \/>[\/vc_column_text][\/vc_column][\/vc_row][vc_row row_type=\"row\" use_row_as_full_screen_section=\"no\" type=\"full_width\" text_align=\"left\" css_animation=\"\" css=\".vc_custom_1546620152644{margin-top: 4% !important;margin-bottom: 4% !important;}\"][vc_column width=\"1\/6\"][\/vc_column][vc_column width=\"2\/3\"][vc_separator type=\"full_width\" color=\"#b5b5b5\" border_style=\"solid\" thickness=\"0,1\"][\/vc_column][vc_column width=\"1\/6\"][\/vc_column][\/vc_row][vc_row row_type=\"row\" use_row_as_full_screen_section=\"no\" type=\"full_width\" text_align=\"left\" css_animation=\"\" css=\".vc_custom_1546620319262{margin-bottom: 0px !important;}\"][vc_column width=\"1\/6\"][vc_column_text]<br \/>[\/vc_column_text][\/vc_column][vc_column width=\"2\/3\" css=\".vc_custom_1546620313677{margin-bottom: 0px !important;}\"][vc_single_image image=\"1498\" img_size=\"495x700\" alignment=\"center\" qode_css_animation=\"element_from_fade\" css=\".vc_custom_1546621119397{padding-right: 20% !important;padding-bottom: 25px !important;}\"][vc_column_text]<span style=\"color: #c4c4c4;\">10\/12\/2018<\/span>[\/vc_column_text][vc_column_text]<span style=\"color: #0a0a0a;\">La Guirlande en Basel, dentro de la temporada 2018\/2019 de la Freunde Alter Musik Basel<\/span>[\/vc_column_text][vc_column_text]<\/p><p class=\"gmail_msg\">El pr\u00f3ximo 13 de Diciembre de 2018, <em>La Guirlande<\/em> participar\u00e1 en la temporada <a href=\"https:\/\/famb.ch\/\">2018\/2019 de la Freunde Alter Musik Basel<\/a>,\u00a0en donde interpretar\u00e1 <a href=\"https:\/\/laguirlande.com\/REPLACE\/proyectos\/\">\"Spanish Travelling Virtuosi\"<\/a>, un programa dedicado \u00edntegramente a m\u00fasica de c\u00e1mara espa\u00f1ola del siglo XVIII, incluyendo algunas obras de recuperaci\u00f3n patrimonial.<\/p><p>M\u00e1s informaci\u00f3n acerca del programa y los int\u00e9rpretes en:<\/p><p><a href=\"https:\/\/famb.ch\/konzert\/spanish-travelling-virtuosi\">Freunde Alter Musik Basel. La Guirlande<\/a>[\/vc_column_text][\/vc_column][vc_column width=\"1\/6\"][vc_column_text]<br \/>[\/vc_column_text][\/vc_column][\/vc_row][vc_row row_type=\"row\" use_row_as_full_screen_section=\"no\" type=\"full_width\" text_align=\"left\" css_animation=\"\" css=\".vc_custom_1546620152644{margin-top: 4% !important;margin-bottom: 4% !important;}\"][vc_column width=\"1\/6\"][\/vc_column][vc_column width=\"2\/3\"][vc_separator type=\"full_width\" color=\"#b5b5b5\" border_style=\"solid\" thickness=\"0,1\"][\/vc_column][vc_column width=\"1\/6\"][\/vc_column][\/vc_row][vc_row row_type=\"row\" use_row_as_full_screen_section=\"no\" type=\"full_width\" text_align=\"left\" css_animation=\"\" css=\".vc_custom_1549219782288{margin-bottom: 0px !important;}\"][vc_column width=\"1\/6\"][vc_column_text]<br \/>[\/vc_column_text][\/vc_column][vc_column width=\"2\/3\" css=\".vc_custom_1549219872645{margin-bottom: 0px !important;}\"][vc_single_image image=\"1454\" img_size=\"495x700\" alignment=\"center\" qode_css_animation=\"element_from_fade\" css=\".vc_custom_1549218678084{padding-bottom: 25px !important;}\"][vc_accordion active_tab=\"false\" collapsible=\"yes\" style=\"accordion\" accordion_border_radius=\"0.2\"][vc_accordion_tab title=\"Galer\u00eda de im\u00e1genes\"][vc_gallery type=\"image_grid\" images=\"1470,1471,1472,1473,1474,1475,1476,1477,1478,1479\" column_number=\"5\" grayscale=\"no\" space_between_images=\"no\" css=\".vc_custom_1542652156481{padding-bottom: 25px !important;}\"][\/vc_accordion_tab][\/vc_accordion][vc_column_text css=\".vc_custom_1549219494953{margin-top: 2% !important;}\"]<span style=\"color: #c4c4c4;\">28\/10\/2018<\/span>[\/vc_column_text][vc_column_text]<span style=\"color: #000000;\">La Guirlande, en la Igreja Matriz de Refojos dentro del IV Ciclo de Concertos de \u00d3rgao Vila Nova de Famalicao e Santo Tirso<\/span>[\/vc_column_text][vc_column_text css=\".vc_custom_1549219820378{margin-bottom: 0px !important;}\"]El pasado 27 de Octubre,\u00a0<em>La Guirlande<\/em> estuvo presente\u00a0en la Igreja Matriz de Refojos, dentro del IV Ciclo de Concertos de \u00d3rgao Vila Nova de Famalicao e Santo Tirso, en donde interpret\u00f3\u00a0<a href=\"https:\/\/laguirlande.com\/REPLACE\/proyectos\/\">\"Appropriato all'Organo<\/a>\", un programa dedicado\u00a0tanto a obras originales como a transcripciones para traverso y \u00f3rgano.<\/p><p>Compartimos con vosotros algunas fotos realizadas durante el concierto.<\/p><p>Fotos realizadas por Pedro Couto[\/vc_column_text][\/vc_column][vc_column width=\"1\/6\"][vc_column_text]<br \/>[\/vc_column_text][\/vc_column][\/vc_row][vc_row row_type=\"row\" use_row_as_full_screen_section=\"no\" type=\"full_width\" text_align=\"left\" css_animation=\"\" css=\".vc_custom_1546620152644{margin-top: 4% !important;margin-bottom: 4% !important;}\"][vc_column width=\"1\/6\"][\/vc_column][vc_column width=\"2\/3\"][vc_separator type=\"full_width\" color=\"#b5b5b5\" border_style=\"solid\" thickness=\"0,1\"][\/vc_column][vc_column width=\"1\/6\"][\/vc_column][\/vc_row][vc_row row_type=\"row\" use_row_as_full_screen_section=\"no\" type=\"full_width\" text_align=\"left\" css_animation=\"\" css=\".vc_custom_1549220082915{margin-bottom: 0px !important;}\"][vc_column width=\"1\/6\"][vc_column_text]<br \/>[\/vc_column_text][\/vc_column][vc_column width=\"2\/3\" css=\".vc_custom_1549220077079{margin-bottom: 0px !important;}\"][vc_single_image image=\"1454\" img_size=\"495x700\" alignment=\"center\" qode_css_animation=\"element_from_fade\" css=\".vc_custom_1549218670840{padding-bottom: 25px !important;}\"][vc_column_text]<span style=\"color: #c4c4c4;\">22\/10\/2018<\/span>[\/vc_column_text][vc_column_text]<span style=\"color: #0a0a0a;\">IV Ciclo de Concertos de \u00d3rgao Vila Nova de Famalicao e Santo Tirso<\/span>[\/vc_column_text][vc_column_text]<\/p><p class=\"gmail_msg\">El pr\u00f3ximo 27 de Octubre de 2018, <em>La Guirlande<\/em> participar\u00e1 en el\u00a0IV Ciclo de Concertos de \u00d3rgao Vila Nova de Famalicao e Santo Tirso,\u00a0en donde interpretar\u00e1 <a href=\"https:\/\/laguirlande.com\/REPLACE\/proyectos\/\">\"Appropriato all'Organo\"<\/a>, un programa dedicado\u00a0tanto a obras originales como a transcripciones para traverso y \u00f3rgano.<\/p><p>[\/vc_column_text][\/vc_column][vc_column width=\"1\/6\"][vc_column_text]<br \/>[\/vc_column_text][\/vc_column][\/vc_row][vc_row row_type=\"row\" use_row_as_full_screen_section=\"no\" type=\"full_width\" text_align=\"left\" css_animation=\"\" css=\".vc_custom_1546620152644{margin-top: 4% !important;margin-bottom: 4% !important;}\"][vc_column width=\"1\/6\"][\/vc_column][vc_column width=\"2\/3\"][vc_separator type=\"full_width\" color=\"#b5b5b5\" border_style=\"solid\" thickness=\"0,1\"][\/vc_column][vc_column width=\"1\/6\"][\/vc_column][\/vc_row][vc_row row_type=\"row\" use_row_as_full_screen_section=\"no\" type=\"full_width\" text_align=\"left\" css_animation=\"\" css=\".vc_custom_1549220096292{margin-bottom: 0px !important;}\"][vc_column width=\"1\/6\"][vc_column_text]<br \/>[\/vc_column_text][\/vc_column][vc_column width=\"2\/3\" css=\".vc_custom_1549220090001{margin-bottom: 0px !important;}\"][vc_single_image image=\"1456\" img_size=\"full\" qode_css_animation=\"element_from_fade\" css=\".vc_custom_1540418501314{padding-bottom: 25px !important;}\"][vc_column_text]<span style=\"color: #c4c4c4;\">15\/10\/2018<\/span>[\/vc_column_text][vc_column_text]<span style=\"color: #0a0a0a;\">La Guirlande participa en las Academias de M\u00fasica Antigua de Gij\u00f3n\u00a0<\/span>[\/vc_column_text][vc_column_text]<\/p><p class=\"gmail_msg\">Los pr\u00f3ximos 10 y 11 de Noviembre, La Guirlande estar\u00e1 impartiendo un curso de interpretaci\u00f3n hist\u00f3rica en la Academia de M\u00fasica Antigua de Gij\u00f3n. El curso se centrar\u00e1 en las figuras de J. J. Quantz y Carl Philipp Emanuel Bach. Adem\u00e1s, Alfonso Sebasti\u00e1n dar\u00e1 una charla sobre sus tratados, la cual ir\u00e1 acompa\u00f1ada posteriormente de un concierto con obras de ambos compositores.<\/p><p class=\"gmail_msg\">Para m\u00e1s informaci\u00f3n, pueden consultar los siguientes enlaces:<\/p><p class=\"gmail_msg\"><a href=\"http:\/\/cultura.gijon.es\/eventos\/show\/41144-curso-la-musica-al-gusto-de-j-j-quantz-y-c-p-e-bach-una-aproximacion-a-la-interpretacion-musical-del-siglo-xviii\">Informaci\u00f3n sobre el curso<\/a><\/p><p class=\"gmail_msg\"><a href=\"http:\/\/cultura.gijon.es\/eventos\/show\/41141-conferencia-presentacion-edicion-critica-en-castellano-de-los-metodos-interpretativos-de-j-j-quantz-y-c-p-e-bach\">Informaci\u00f3n sobre la conferencia de Alfonso Sebasti\u00e1n<\/a><\/p><p class=\"gmail_msg\"><a href=\"http:\/\/cultura.gijon.es\/eventos\/show\/41139-concierto-al-gusto-de-su-graciosisima-majestad-una-soiree-musical-en-la-corte-de-Potsdam\">Informaci\u00f3n sobre el concierto\u00a0<\/a><\/p><p>[\/vc_column_text][\/vc_column][vc_column width=\"1\/6\"][vc_column_text]<br \/>[\/vc_column_text][\/vc_column][\/vc_row][vc_row row_type=\"row\" use_row_as_full_screen_section=\"no\" type=\"full_width\" text_align=\"left\" css_animation=\"\" css=\".vc_custom_1546620152644{margin-top: 4% !important;margin-bottom: 4% !important;}\"][vc_column width=\"1\/6\"][\/vc_column][vc_column width=\"2\/3\"][vc_separator type=\"full_width\" color=\"#b5b5b5\" border_style=\"solid\" thickness=\"0,1\"][\/vc_column][vc_column width=\"1\/6\"][\/vc_column][\/vc_row][vc_row row_type=\"row\" use_row_as_full_screen_section=\"no\" type=\"full_width\" text_align=\"left\" css_animation=\"\" css=\".vc_custom_1549220110679{margin-bottom: 0px !important;}\"][vc_column width=\"1\/6\"][vc_column_text]<br \/>[\/vc_column_text][\/vc_column][vc_column width=\"2\/3\" css=\".vc_custom_1549220104236{margin-bottom: 0px !important;}\"][vc_single_image image=\"1451\" img_size=\"full\" qode_css_animation=\"element_from_fade\" css=\".vc_custom_1540417433419{padding-bottom: 25px !important;}\"][vc_accordion active_tab=\"false\" collapsible=\"yes\" style=\"accordion\" accordion_border_radius=\"0.2\"][vc_accordion_tab title=\"Galer\u00eda de im\u00e1genes\"][vc_gallery type=\"image_grid\" images=\"1450,1449,1448,1447,1446,1445,1444\" column_number=\"5\" grayscale=\"no\" space_between_images=\"no\" css=\".vc_custom_1540417466098{padding-bottom: 25px !important;}\"][\/vc_accordion_tab][\/vc_accordion][vc_column_text css=\".vc_custom_1549219507928{margin-top: 2% !important;}\"]<span style=\"color: #c4c4c4;\">10\/10\/2018<\/span>[\/vc_column_text][vc_column_text]<span style=\"color: #000000;\">La Guirlande, grabando su primer disco titulado <a href=\"https:\/\/laguirlande.com\/REPLACE\/proyectos\/\">\"Spanish Travelling Virtuosi\"<\/a><\/span>[\/vc_column_text][vc_column_text]Los pasados 8, 9, 10 y 11 de Octubre,\u00a0<em>La Guirlande<\/em>\u00a0llevo a cabo la grabaci\u00f3n de <a href=\"https:\/\/laguirlande.com\/REPLACE\/proyectos\/\">\"Spanish Travelling Virtuosi\"<\/a> en el Palacio del Conde de Aranda de \u00c9pila.<\/p><p>Compartimos con vosotros algunas fotos realizadas durante la grabaci\u00f3n.<\/p><p>Fotos realizadas por Daniel Salanova[\/vc_column_text][\/vc_column][vc_column width=\"1\/6\"][vc_column_text]<br \/>[\/vc_column_text][\/vc_column][\/vc_row][vc_row row_type=\"row\" use_row_as_full_screen_section=\"no\" type=\"full_width\" text_align=\"left\" css_animation=\"\" css=\".vc_custom_1546620152644{margin-top: 4% !important;margin-bottom: 4% !important;}\"][vc_column width=\"1\/6\"][\/vc_column][vc_column width=\"2\/3\"][vc_separator type=\"full_width\" color=\"#b5b5b5\" border_style=\"solid\" thickness=\"0,1\"][\/vc_column][vc_column width=\"1\/6\"][\/vc_column][\/vc_row][vc_row row_type=\"row\" use_row_as_full_screen_section=\"no\" type=\"full_width\" text_align=\"left\" css_animation=\"\" css=\".vc_custom_1549220122288{margin-bottom: 0px !important;}\"][vc_column width=\"1\/6\"][vc_column_text]<br \/>[\/vc_column_text][\/vc_column][vc_column width=\"2\/3\" css=\".vc_custom_1549220117147{margin-bottom: 0px !important;}\"][vc_single_image image=\"1442\" img_size=\"full\" qode_css_animation=\"element_from_fade\" css=\".vc_custom_1540416344051{padding-bottom: 25px !important;}\"][vc_column_text]<span style=\"color: #c4c4c4;\">29\/09\/2018<\/span>[\/vc_column_text][vc_column_text]<span style=\"color: #000000;\">Luis Mart\u00ednez, ganador del 2\u00ba Premio en el <a href=\"https:\/\/www.udk-berlin.de\/universitaet\/wettbewerbe\/fakultaet-musik\/bundesweite-und-internationale-wettbewerbe\/internationaler-berliner-bach-wettbewerb\/\">3. Internationalen Berliner-Bach-Wettbewerbs<\/a> junto con el ensemble <a href=\"https:\/\/www.cardinalcomplex.com\/\">Cardinal Complex<\/a><\/span>[\/vc_column_text][vc_column_text]El pasado 29 de Septiembre, Luis Mart\u00ednez se proclam\u00f3 ganador junto con el ensemble <a href=\"https:\/\/www.cardinalcomplex.com\/\">Cardinal Complex<\/a> del 2\u00ba premio en el <a href=\"https:\/\/www.udk-berlin.de\/universitaet\/wettbewerbe\/fakultaet-musik\/bundesweite-und-internationale-wettbewerbe\/internationaler-berliner-bach-wettbewerb\/\">3. Internationaler Berliner-Bach-Wettbewerbs<\/a> en Berl\u00edn, Alemania.[\/vc_column_text][\/vc_column][vc_column width=\"1\/6\"][vc_column_text]<br \/>[\/vc_column_text][\/vc_column][\/vc_row][vc_row row_type=\"row\" use_row_as_full_screen_section=\"no\" type=\"full_width\" text_align=\"left\" css_animation=\"\" css=\".vc_custom_1546620152644{margin-top: 4% !important;margin-bottom: 4% !important;}\"][vc_column width=\"1\/6\"][\/vc_column][vc_column width=\"2\/3\"][vc_separator type=\"full_width\" color=\"#b5b5b5\" border_style=\"solid\" thickness=\"0,1\"][\/vc_column][vc_column width=\"1\/6\"][\/vc_column][\/vc_row][vc_row row_type=\"row\" use_row_as_full_screen_section=\"no\" type=\"full_width\" text_align=\"left\" css_animation=\"\" css=\".vc_custom_1549220142289{margin-bottom: 0px !important;}\"][vc_column width=\"1\/6\"][vc_column_text]<br \/>[\/vc_column_text][\/vc_column][vc_column width=\"2\/3\" css=\".vc_custom_1549220137499{margin-bottom: 0px !important;}\"][vc_single_image image=\"1429\" img_size=\"large\" qode_css_animation=\"element_from_fade\" css=\".vc_custom_1549219621734{padding-bottom: 25px !important;}\"][vc_accordion active_tab=\"false\" collapsible=\"yes\" style=\"accordion\" accordion_border_radius=\"0.2\"][vc_accordion_tab title=\"Galer\u00eda de im\u00e1genes\"][vc_gallery type=\"image_grid\" images=\"1426,1427,1428,1429,1430\" column_number=\"5\" grayscale=\"no\" space_between_images=\"no\" css=\".vc_custom_1536226748717{padding-bottom: 25px !important;}\"][\/vc_accordion_tab][\/vc_accordion][vc_column_text css=\".vc_custom_1549219520734{margin-top: 2% !important;}\"]<span style=\"color: #c4c4c4;\">06\/09\/2018<\/span>[\/vc_column_text][vc_column_text]<span style=\"color: #000000;\">La Guirlande en el Museo del Traje de Madrid, dentro del programa MUSAE<\/span>[\/vc_column_text][vc_column_text]El pasado 3 de Agosto,\u00a0<em>La Guirlande<\/em> estuvo presente en el Museo del Traje de Madrid - dentro del programa MUSAE - con <a href=\"https:\/\/laguirlande.com\/REPLACE\/proyectos\/\">\"Haydn en Londres<\/a>\", un programa dedicado \u00edntegramente a los tr\u00edos para flauta, cello y fortepiano de J. Haydn.<\/p><p>Compartimos con vosotros algunas fotos realizadas durante el concierto.[\/vc_column_text][\/vc_column][vc_column width=\"1\/6\"][vc_column_text]<br \/>[\/vc_column_text][\/vc_column][\/vc_row][vc_row row_type=\"row\" use_row_as_full_screen_section=\"no\" type=\"full_width\" text_align=\"left\" css_animation=\"\" css=\".vc_custom_1546620152644{margin-top: 4% !important;margin-bottom: 4% !important;}\"][vc_column width=\"1\/6\"][\/vc_column][vc_column width=\"2\/3\"][vc_separator type=\"full_width\" color=\"#b5b5b5\" border_style=\"solid\" thickness=\"0,1\"][\/vc_column][vc_column width=\"1\/6\"][\/vc_column][\/vc_row][vc_row row_type=\"row\" use_row_as_full_screen_section=\"no\" type=\"full_width\" text_align=\"left\" css_animation=\"\" css=\".vc_custom_1549220153643{margin-bottom: 0px !important;}\"][vc_column width=\"1\/6\"][vc_column_text]<br \/>[\/vc_column_text][\/vc_column][vc_column width=\"2\/3\" css=\".vc_custom_1549220148925{margin-bottom: 0px !important;}\"][vc_single_image image=\"1404\" img_size=\"large\" qode_css_animation=\"element_from_fade\" css=\".vc_custom_1549219632821{padding-bottom: 25px !important;}\"][vc_accordion active_tab=\"false\" collapsible=\"yes\" style=\"accordion\" accordion_border_radius=\"0.2\"][vc_accordion_tab title=\"Galer\u00eda de im\u00e1genes\"][vc_gallery type=\"image_grid\" images=\"1405,1406,1407,1408,1409,1410\" column_number=\"5\" grayscale=\"no\" space_between_images=\"no\" css=\".vc_custom_1532454179293{padding-bottom: 25px !important;}\"][\/vc_accordion_tab][\/vc_accordion][vc_column_text css=\".vc_custom_1549219533570{margin-top: 2% !important;}\"]<span style=\"color: #c4c4c4;\">24\/07\/2018<\/span>[\/vc_column_text][vc_column_text]<span style=\"color: #000000;\">La Guirlande en Guadarrama, en el XXXI Cl\u00e1sicos en Verano<\/span>[\/vc_column_text][vc_column_text]El pasado 14 de Julio,\u00a0<em>La Guirlande<\/em> estuvo presente en el centro cultural La Torre de Guadarrama, dentro del XXXI Cl\u00e1sicos en Verano de la Comunidad de Madrid con su programa <a href=\"https:\/\/laguirlande.com\/REPLACE\/proyectos\/\">\"Haydn en Londres\"<\/a>, un programa dedicado \u00edntegramente a los tr\u00edos para flauta, cello y fortepiano de J. Haydn.<\/p><p>Compartimos con vosotros algunas fotos realizadas durante el concierto.[\/vc_column_text][\/vc_column][vc_column width=\"1\/6\"][vc_column_text]<br \/>[\/vc_column_text][\/vc_column][\/vc_row][vc_row row_type=\"row\" use_row_as_full_screen_section=\"no\" type=\"full_width\" text_align=\"left\" css_animation=\"\" css=\".vc_custom_1546620152644{margin-top: 4% !important;margin-bottom: 4% !important;}\"][vc_column width=\"1\/6\"][\/vc_column][vc_column width=\"2\/3\"][vc_separator type=\"full_width\" color=\"#b5b5b5\" border_style=\"solid\" thickness=\"0,1\"][\/vc_column][vc_column width=\"1\/6\"][\/vc_column][\/vc_row][vc_row row_type=\"row\" use_row_as_full_screen_section=\"no\" type=\"full_width\" text_align=\"left\" css_animation=\"\" css=\".vc_custom_1549220164994{margin-bottom: 0px !important;}\"][vc_column width=\"1\/6\"][vc_column_text]<br \/>[\/vc_column_text][\/vc_column][vc_column width=\"2\/3\" css=\".vc_custom_1549220159711{margin-bottom: 0px !important;}\"][vc_single_image image=\"1394\" img_size=\"495x700\" alignment=\"center\" qode_css_animation=\"element_from_fade\" css=\".vc_custom_1549219025785{padding-bottom: 25px !important;}\"][vc_column_text]<span style=\"color: #c4c4c4;\">25\/06\/2018<\/span>[\/vc_column_text][vc_column_text]<span style=\"color: #0a0a0a;\">I Festival de M\u00fasica Antigua de \u00c9pila<\/span>[\/vc_column_text][vc_column_text]<\/p><p class=\"gmail_msg\">Los pr\u00f3ximos d\u00edas 29 y 30 de Junio, y 1 de Julio de 2018, se celebrar\u00e1 el II Festival de M\u00fasica Antigua de \u00c9pila. <em>La Guirlande,\u00a0<\/em>como organizadora del festival junto con el Ayuntamiento de \u00c9pila y la Instituci\u00f3n Fernando el Cat\u00f3lico,\u00a0participar\u00e1 realizando un concierto en el cual interpretar\u00e1 el programa <a href=\"https:\/\/laguirlande.com\/REPLACE\/proyectos\/\" target=\"_blank\" rel=\"noopener\">\"En el nombre del Padre\"<\/a>. Adem\u00e1s, la violinista Sue-Ying Koang y el clavecinista Adri\u00e0 Gr\u00e0cia G\u00e0lvez ofrecer\u00e1n un concierto en la Iglesia del Convento de las RRMM Concepcionistas, titulado <em>Il Piacere dei sensi. <\/em>Por su parte,\u00a0Joan Boronat relizar\u00e1 un concierto en el \u00f3rgano de la Parroquia de Santa Mar\u00eda la Mayor titulado <em>Flores de m\u00fasica<\/em>, un programa dedicado en su mayor\u00eda a m\u00fasica espa\u00f1ola para \u00f3rgano.<\/p><p>[\/vc_column_text][\/vc_column][vc_column width=\"1\/6\"][vc_column_text]<br \/>[\/vc_column_text][\/vc_column][\/vc_row][vc_row row_type=\"row\" use_row_as_full_screen_section=\"no\" type=\"full_width\" text_align=\"left\" css_animation=\"\" css=\".vc_custom_1546620152644{margin-top: 4% !important;margin-bottom: 4% !important;}\"][vc_column width=\"1\/6\"][\/vc_column][vc_column width=\"2\/3\"][vc_separator type=\"full_width\" color=\"#b5b5b5\" border_style=\"solid\" thickness=\"0,1\"][\/vc_column][vc_column width=\"1\/6\"][\/vc_column][\/vc_row][vc_row row_type=\"row\" use_row_as_full_screen_section=\"no\" type=\"full_width\" text_align=\"left\" css_animation=\"\" css=\".vc_custom_1549220175589{margin-bottom: 0px !important;}\"][vc_column width=\"1\/6\"][vc_column_text]<br \/>[\/vc_column_text][\/vc_column][vc_column width=\"2\/3\" css=\".vc_custom_1549220170643{margin-bottom: 0px !important;}\"][vc_single_image image=\"1369\" img_size=\"full\" qode_css_animation=\"element_from_fade\" css=\".vc_custom_1524670658465{padding-bottom: 25px !important;}\"][vc_column_text]<span style=\"color: #c4c4c4;\">22\/06\/2018<\/span>[\/vc_column_text][vc_column_text]<span style=\"color: #0a0a0a;\">XXXI Cl\u00e1sicos en Verano de la Comunidad de Madrid<\/span>[\/vc_column_text][vc_column_text]<\/p><p class=\"gmail_msg\">El pr\u00f3ximo 14 y 15 de Julio de 2018, <em>La Guirlande<\/em> participar\u00e1 en el\u00a0<a href=\"http:\/\/www.madrid.org\/clasicosenverano\/2018\/index.html\" target=\"_blank\" rel=\"noopener\">XXXI Cl\u00e1sicos en Verano de la Comunidad de Madrid<\/a>, en donde interpretar\u00e1 <a href=\"https:\/\/laguirlande.com\/REPLACE\/proyectos\/\">\"Haydn en Londres\"<\/a>, un programa dedicado \u00edntegramente a los tr\u00edos para flauta, cello y fortepiano de Joseph Haydn.<\/p><p class=\"gmail_msg\">M\u00e1s informaci\u00f3n\u00a0acerca del programa y los int\u00e9rpretes en:<\/p><p><a href=\"http:\/\/www.madrid.org\/clasicosenverano\/2018\/la-guirlande.html\" target=\"_blank\" rel=\"noopener\">Cl\u00e1sicos en Verano de la Comunidad de Madrid<\/a><a href=\"http:\/\/www.madrid.org\/clasicosenverano\/2018\/la-guirlande.html\" target=\"_blank\" rel=\"noopener\">. La Guirlande<\/a>[\/vc_column_text][\/vc_column][vc_column width=\"1\/6\"][vc_column_text]<br \/>[\/vc_column_text][\/vc_column][\/vc_row][vc_row row_type=\"row\" use_row_as_full_screen_section=\"no\" type=\"full_width\" text_align=\"left\" css_animation=\"\" css=\".vc_custom_1546620152644{margin-top: 4% !important;margin-bottom: 4% !important;}\"][vc_column width=\"1\/6\"][\/vc_column][vc_column width=\"2\/3\"][vc_separator type=\"full_width\" color=\"#b5b5b5\" border_style=\"solid\" thickness=\"0,1\"][\/vc_column][vc_column width=\"1\/6\"][\/vc_column][\/vc_row][vc_row row_type=\"row\" use_row_as_full_screen_section=\"no\" type=\"full_width\" text_align=\"left\" css_animation=\"\" css=\".vc_custom_1549220185225{margin-bottom: 0px !important;}\"][vc_column width=\"1\/6\"][vc_column_text]<br \/>[\/vc_column_text][\/vc_column][vc_column width=\"2\/3\" css=\".vc_custom_1549220180993{margin-bottom: 0px !important;}\"][vc_single_image image=\"1369\" img_size=\"full\" qode_css_animation=\"element_from_fade\" css=\".vc_custom_1524670658465{padding-bottom: 25px !important;}\"][vc_column_text]<span style=\"color: #c4c4c4;\">08\/06\/2018<\/span>[\/vc_column_text][vc_column_text]<span style=\"color: #0a0a0a;\">79\u00aa Edici\u00f3n de la Quincena Musical de San Sebasti\u00e1n<\/span>[\/vc_column_text][vc_column_text]<\/p><p class=\"gmail_msg\">El pr\u00f3ximo 16 de Agosto de 2018, <em>La Guirlande<\/em> participar\u00e1 en la\u00a0<a href=\"https:\/\/www.quincenamusical.eus\/programa\/\" target=\"_blank\" rel=\"noopener\">79\u00aa Edici\u00f3n de la Quincena Musical de San Sebasti\u00e1n<\/a>, en donde interpretar\u00e1 <a href=\"https:\/\/laguirlande.com\/REPLACE\/proyectos\/\">\"Haydn en Londres\"<\/a>, un programa dedicado \u00edntegramente a los tr\u00edos para flauta, cello y fortepiano de Joseph Haydn.<\/p><p class=\"gmail_msg\">M\u00e1s informaci\u00f3n\u00a0acerca del programa y los int\u00e9rpretes en:<\/p><p><a href=\"https:\/\/www.quincenamusical.eus\/programa\/evento\/e\/la-guirlande\" target=\"_blank\" rel=\"noopener\">Quincena Musical de San Sebasti\u00e1n. La Guirlande<\/a>[\/vc_column_text][\/vc_column][vc_column width=\"1\/6\"][vc_column_text]<br \/>[\/vc_column_text][\/vc_column][\/vc_row][vc_row row_type=\"row\" use_row_as_full_screen_section=\"no\" type=\"full_width\" text_align=\"left\" css_animation=\"\" css=\".vc_custom_1546620152644{margin-top: 4% !important;margin-bottom: 4% !important;}\"][vc_column width=\"1\/6\"][\/vc_column][vc_column width=\"2\/3\"][vc_separator type=\"full_width\" color=\"#b5b5b5\" border_style=\"solid\" thickness=\"0,1\"][\/vc_column][vc_column width=\"1\/6\"][\/vc_column][\/vc_row][vc_row row_type=\"row\" use_row_as_full_screen_section=\"no\" type=\"full_width\" text_align=\"left\" css_animation=\"\" css=\".vc_custom_1549220196323{margin-bottom: 0px !important;}\"][vc_column width=\"1\/6\"][vc_column_text]<br \/>[\/vc_column_text][\/vc_column][vc_column width=\"2\/3\" css=\".vc_custom_1549220190526{margin-bottom: 0px !important;}\"][vc_single_image image=\"1369\" img_size=\"full\" qode_css_animation=\"element_from_fade\" css=\".vc_custom_1524670658465{padding-bottom: 25px !important;}\"][vc_column_text]<span style=\"color: #c4c4c4;\">25\/04\/2018<\/span>[\/vc_column_text][vc_column_text]<span style=\"color: #0a0a0a;\">67\u00aa Edici\u00f3n del Festival Internacional de Santander<\/span>[\/vc_column_text][vc_column_text]<\/p><p class=\"gmail_msg\">Los pr\u00f3ximos 13 y 14 de Agosto de 2018, <em>La Guirlande<\/em> participar\u00e1 en la\u00a0<a href=\"http:\/\/festivalsantander.com\/\" target=\"_blank\" rel=\"noopener\">67\u00aa Edici\u00f3n del Festival Internacional de Santander<\/a>, en donde interpretar\u00e1 <a href=\"https:\/\/laguirlande.com\/REPLACE\/proyectos\/\">\"Haydn en Londres\"<\/a>, un programa dedicado \u00edntegramente a los tr\u00edos para flauta, cello y fortepiano de Joseph Haydn.<\/p><p class=\"gmail_msg\">M\u00e1s informaci\u00f3n\u00a0acerca del programa y los int\u00e9rpretes en:<\/p><p><a href=\"http:\/\/festivalsantander.com\/events\/categories\/marco-historico\/\" target=\"_blank\" rel=\"noopener\">Festival Internacional de Santander. La Guirlande<\/a>[\/vc_column_text][\/vc_column][vc_column width=\"1\/6\"][vc_column_text]<br \/>[\/vc_column_text][\/vc_column][\/vc_row][vc_row row_type=\"row\" use_row_as_full_screen_section=\"no\" type=\"full_width\" text_align=\"left\" css_animation=\"\" css=\".vc_custom_1546620152644{margin-top: 4% !important;margin-bottom: 4% !important;}\"][vc_column width=\"1\/6\"][\/vc_column][vc_column width=\"2\/3\"][vc_separator type=\"full_width\" color=\"#b5b5b5\" border_style=\"solid\" thickness=\"0,1\"][\/vc_column][vc_column width=\"1\/6\"][\/vc_column][\/vc_row][vc_row row_type=\"row\" use_row_as_full_screen_section=\"no\" type=\"full_width\" text_align=\"left\" css_animation=\"\" css=\".vc_custom_1549220207256{margin-bottom: 0px !important;}\"][vc_column width=\"1\/6\"][vc_column_text]<br \/>[\/vc_column_text][\/vc_column][vc_column width=\"2\/3\" css=\".vc_custom_1549220202073{margin-bottom: 0px !important;}\"][vc_single_image image=\"1315\" img_size=\"495x700\" alignment=\"center\" qode_css_animation=\"element_from_fade\" css=\".vc_custom_1549219086039{padding-bottom: 25px !important;}\"][vc_column_text]<span style=\"color: #c4c4c4;\">06\/10\/2017<\/span>[\/vc_column_text][vc_column_text]<span style=\"color: #0a0a0a;\">XIV Festival Internacional de M\u00fasica Barroca \"Jos\u00e9 de Nebra\" de Calatayud<\/span>[\/vc_column_text][vc_column_text]<\/p><p class=\"gmail_msg\">El pr\u00f3ximo 6 de Octubre de 2017, <em>La Guirlande<\/em> participar\u00e1 en el XIV Festival Internacional de M\u00fasica Barroca \"Jos\u00e9 de Nebra\" de Calatayud, en donde interpretar\u00e1 <a href=\"https:\/\/laguirlande.com\/REPLACE\/proyectos\/\">\"Al gusto de Su Gracios\u00edsima Majestad\"<\/a>, un programa dedicado a obras de C. P. E. Bach y J. J. Quantz.<\/p><p>[\/vc_column_text][\/vc_column][vc_column width=\"1\/6\"][vc_column_text]<br \/>[\/vc_column_text][\/vc_column][\/vc_row][vc_row row_type=\"row\" use_row_as_full_screen_section=\"no\" type=\"full_width\" text_align=\"left\" css_animation=\"\" css=\".vc_custom_1546620152644{margin-top: 4% !important;margin-bottom: 4% !important;}\"][vc_column width=\"1\/6\"][\/vc_column][vc_column width=\"2\/3\"][vc_separator type=\"full_width\" color=\"#b5b5b5\" border_style=\"solid\" thickness=\"0,1\"][\/vc_column][vc_column width=\"1\/6\"][\/vc_column][\/vc_row][vc_row row_type=\"row\" use_row_as_full_screen_section=\"no\" type=\"full_width\" text_align=\"left\" css_animation=\"\" css=\".vc_custom_1549220218135{margin-bottom: 0px !important;}\"][vc_column width=\"1\/6\"][vc_column_text]<br \/>[\/vc_column_text][\/vc_column][vc_column width=\"2\/3\" css=\".vc_custom_1549220212998{margin-bottom: 0px !important;}\"][vc_single_image image=\"1237\" img_size=\"full\" qode_css_animation=\"element_from_fade\" css=\".vc_custom_1505041671643{padding-bottom: 25px !important;}\"][vc_accordion active_tab=\"false\" collapsible=\"yes\" style=\"accordion\" accordion_border_radius=\"0.2\"][vc_accordion_tab title=\"Galer\u00eda de im\u00e1genes\"][vc_gallery type=\"image_grid\" images=\"1239,1240,1241,1242,1243,1244,1245,1246,1247,1248,1249,1250,1251,1253,1255,1256,1258,1259,1262,1263,1264\" column_number=\"5\" grayscale=\"no\" space_between_images=\"no\" css=\".vc_custom_1505043412855{padding-bottom: 25px !important;}\"][\/vc_accordion_tab][\/vc_accordion][vc_column_text css=\".vc_custom_1549219548238{margin-top: 2% !important;}\"]<span style=\"color: #c4c4c4;\">13\/08\/2017<\/span>[\/vc_column_text][vc_column_text]<span style=\"color: #000000;\">La Guirlande, ganadores del XVIII Biagio-Marini Wettbewerb en Neuburg and der Donau<\/span>[\/vc_column_text][vc_column_text]El pasado 11 de Agosto, <em>La Guirlande<\/em> se proclam\u00f3 ganador del <a href=\"http:\/\/www.sommerakademie-neuburg.de\/Biagio-Marini-Wettbewerb\">XVIII Biagio-Marini Wettbewerb<\/a>\u00a0en Neuburg an der Donau, Alemania.<\/p><p>Las excelentes cr\u00edticas recibidas de los diarios <em>Donaukurier<\/em>\u00a0y<em>\u00a0Augsburger Allgemeine<\/em>\u00a0pueden leerse en nuestra secci\u00f3n de <a href=\"https:\/\/laguirlande.com\/REPLACE\/prensa\/\">prensa<\/a>.<\/p><p>Fotos realizadas por Martin Chiang.[\/vc_column_text][\/vc_column][vc_column width=\"1\/6\"][vc_column_text]<br \/>[\/vc_column_text][\/vc_column][\/vc_row][vc_row row_type=\"row\" use_row_as_full_screen_section=\"no\" type=\"full_width\" text_align=\"left\" css_animation=\"\" css=\".vc_custom_1546620152644{margin-top: 4% !important;margin-bottom: 4% !important;}\"][vc_column width=\"1\/6\"][\/vc_column][vc_column width=\"2\/3\"][vc_separator type=\"full_width\" color=\"#b5b5b5\" border_style=\"solid\" thickness=\"0,1\"][\/vc_column][vc_column width=\"1\/6\"][\/vc_column][\/vc_row][vc_row row_type=\"row\" use_row_as_full_screen_section=\"no\" type=\"full_width\" text_align=\"left\" css_animation=\"\" css=\".vc_custom_1549220229518{margin-bottom: 0px !important;}\"][vc_column width=\"1\/6\"][vc_column_text]<br \/>[\/vc_column_text][\/vc_column][vc_column width=\"2\/3\" css=\".vc_custom_1549220224344{margin-bottom: 0px !important;}\"][vc_single_image image=\"1228\" img_size=\"full\" qode_css_animation=\"element_from_fade\" css=\".vc_custom_1505040063047{padding-bottom: 25px !important;}\"][vc_accordion active_tab=\"false\" collapsible=\"yes\" style=\"accordion\" accordion_border_radius=\"0.2\"][vc_accordion_tab title=\"Galer\u00eda de im\u00e1genes\"][vc_gallery type=\"image_grid\" images=\"1227,1226,1224,1223,1222,1220,1219,1217,1235,1234,1230,1229\" column_number=\"5\" grayscale=\"no\" space_between_images=\"no\" css=\".vc_custom_1505043568079{padding-bottom: 25px !important;}\"][\/vc_accordion_tab][\/vc_accordion][vc_column_text css=\".vc_custom_1549219559029{margin-top: 2% !important;}\"]<span style=\"color: #c4c4c4;\">06\/07\/2017<\/span>[\/vc_column_text][vc_column_text]<span style=\"color: #000000;\">La Guirlande en la Pianofort'ino Konzert-Galerie de Basel<\/span>[\/vc_column_text][vc_column_text]El pasado 18 de Junio,\u00a0<em>La Guirlande<\/em> estuvo presente en la Pianofort'ino Konzert-Galerie de Basel con\u00a0un programa dedicado enteramente a la m\u00fasica de J. S. Bach, haciendo especial hincapi\u00e9 en su obra contrapunt\u00edstica.<\/p><p>Compartimos con vosotros algunas fotos realizadas por Martin Chiang durante la prueba ac\u00fastica previa al concierto.[\/vc_column_text][\/vc_column][vc_column width=\"1\/6\"][vc_column_text]<br \/>[\/vc_column_text][\/vc_column][\/vc_row][vc_row row_type=\"row\" use_row_as_full_screen_section=\"no\" type=\"full_width\" text_align=\"left\" css_animation=\"\" css=\".vc_custom_1546620152644{margin-top: 4% !important;margin-bottom: 4% !important;}\"][vc_column width=\"1\/6\"][\/vc_column][vc_column width=\"2\/3\"][vc_separator type=\"full_width\" color=\"#b5b5b5\" border_style=\"solid\" thickness=\"0,1\"][\/vc_column][vc_column width=\"1\/6\"][\/vc_column][\/vc_row][vc_row row_type=\"row\" use_row_as_full_screen_section=\"no\" type=\"full_width\" text_align=\"left\" css_animation=\"\" css=\".vc_custom_1549220241840{margin-bottom: 0px !important;}\"][vc_column width=\"1\/6\"][vc_column_text]<br \/>[\/vc_column_text][\/vc_column][vc_column width=\"2\/3\" css=\".vc_custom_1549220236714{margin-bottom: 0px !important;}\"][vc_single_image image=\"1215\" img_size=\"495x700\" alignment=\"center\" qode_css_animation=\"element_from_fade\" css=\".vc_custom_1549219200816{padding-bottom: 25px !important;}\"][vc_column_text]<span style=\"color: #c4c4c4;\">22\/06\/2017<\/span>[\/vc_column_text][vc_column_text]<span style=\"color: #0a0a0a;\">I Festival de M\u00fasica Antigua de \u00c9pila<\/span>[\/vc_column_text][vc_column_text]<\/p><p class=\"gmail_msg\">Los pr\u00f3ximos d\u00edas 30 de Junio, 1 y 2 de Julio de 2017, se celebrar\u00e1 el I Festival de M\u00fasica Antigua de \u00c9pila. <em>La Guirlande,\u00a0<\/em>como organizadora del festival junto con el Ayuntamiento de \u00c9pila y la Instituci\u00f3n Fernando el Cat\u00f3lico,\u00a0participar\u00e1 realizando dos conciertos en los cuales interpretar\u00e1 los programas\u00a0<em><a href=\"https:\/\/laguirlande.com\/REPLACE\/proyectos\/\" target=\"_blank\" rel=\"noopener\">Spanish Travelling Virtuosi<\/a><\/em>\u00a0y\u00a0<a href=\"https:\/\/laguirlande.com\/REPLACE\/proyectos\/\" target=\"_blank\" rel=\"noopener\">Un puerto seguro<\/a>. Adem\u00e1s, Joan Boronat relizar\u00e1 un concierto en el \u00f3rgano de la Parroquia de Santa Mar\u00eda la Mayor titulado \"Luces, \u00f3rgano...acci\u00f3n!!!\", un programa dedicado a m\u00fasica program\u00e1tica para dicho instrumento.<\/p><p>[\/vc_column_text][\/vc_column][vc_column width=\"1\/6\"][vc_column_text]<br \/>[\/vc_column_text][\/vc_column][\/vc_row][vc_row row_type=\"row\" use_row_as_full_screen_section=\"no\" type=\"full_width\" text_align=\"left\" css_animation=\"\" css=\".vc_custom_1546620152644{margin-top: 4% !important;margin-bottom: 4% !important;}\"][vc_column width=\"1\/6\"][\/vc_column][vc_column width=\"2\/3\"][vc_separator type=\"full_width\" color=\"#b5b5b5\" border_style=\"solid\" thickness=\"0,1\"][\/vc_column][vc_column width=\"1\/6\"][\/vc_column][\/vc_row][vc_row row_type=\"row\" use_row_as_full_screen_section=\"no\" type=\"full_width\" text_align=\"left\" css_animation=\"\" css=\".vc_custom_1549220252985{margin-bottom: 0px !important;}\"][vc_column width=\"1\/6\"][vc_column_text]<br \/>[\/vc_column_text][\/vc_column][vc_column width=\"2\/3\" css=\".vc_custom_1549220247628{margin-bottom: 0px !important;}\"][vc_column_text][iframe id=\"https:\/\/www.youtube.com\/embed\/nUdTVzzU1Sw?list=PLmCw6q1ZlmlC8u1v8O3PFTbbWUo8oIXEk\" frameborder=\"0\" maxwidth=\"1920\"][\/vc_column_text][vc_column_text css=\".vc_custom_1505037751487{padding-top: 25px !important;}\"]<span style=\"color: #c4c4c4;\">10\/06\/2017<\/span>[\/vc_column_text][vc_column_text]<span style=\"color: #0a0a0a;\">Nueva grabaci\u00f3n. Sonata para flauta y clave obligado de C.P.E. Bach<\/span>[\/vc_column_text][vc_column_text]Sonata para flauta y clave obligado en Do mayor, Wq. 149, H.574 \u00a0de C.P.E Bach,\u00a0interpretada por Luis Mart\u00ednez y Adri\u00e0 Gr\u00e0cia.<\/p><p>Grabada en la Schola Cantorum Basiliensis de Basilea.<\/p><p>Disponible tambi\u00e9n en <a href=\"https:\/\/vimeo.com\/laguirlande\" target=\"_blank\" rel=\"noopener\">Vimeo <\/a>y <a href=\"https:\/\/soundcloud.com\/la-guirlande-baroque-music\/sets\/c-p-e-bach-sonata-for-flute-and-obbligato-harpsichord-c-major-wq-149-h-574\" target=\"_blank\" rel=\"noopener\">s\u00f3lo audio en Soundcloud<\/a>, ambos\u00a0con descarga gratuita.[\/vc_column_text][\/vc_column][vc_column width=\"1\/6\"][vc_column_text]<br \/>[\/vc_column_text][\/vc_column][\/vc_row][vc_row row_type=\"row\" use_row_as_full_screen_section=\"no\" type=\"full_width\" text_align=\"left\" css_animation=\"\" css=\".vc_custom_1546620152644{margin-top: 4% !important;margin-bottom: 4% !important;}\"][vc_column width=\"1\/6\"][\/vc_column][vc_column width=\"2\/3\"][vc_separator type=\"full_width\" color=\"#b5b5b5\" border_style=\"solid\" thickness=\"0,1\"][\/vc_column][vc_column width=\"1\/6\"][\/vc_column][\/vc_row][vc_row row_type=\"row\" use_row_as_full_screen_section=\"no\" type=\"full_width\" text_align=\"left\" css_animation=\"\" css=\".vc_custom_1549220263932{margin-bottom: 0px !important;}\"][vc_column width=\"1\/6\"][vc_column_text]<br \/>[\/vc_column_text][\/vc_column][vc_column width=\"2\/3\" css=\".vc_custom_1549220258854{margin-bottom: 0px !important;}\"][vc_column_text][iframe id=\"https:\/\/www.youtube.com\/embed\/L3XOb7S93J0?list=PLmCw6q1ZlmlBtV12J_fWhHTwaqI-WRaED\" frameborder=\"0\" maxwidth=\"1920\"][\/vc_column_text][vc_column_text css=\".vc_custom_1505037400145{padding-top: 25px !important;}\"]<span style=\"color: #c4c4c4;\">21\/03\/2017<\/span>[\/vc_column_text][vc_column_text]<span style=\"color: #0a0a0a;\">Nueva grabaci\u00f3n. Triosonata para flauta, viol\u00edn y bajo continuo de J.S. Bach<\/span>[\/vc_column_text][vc_column_text]Triosonata para flauta, viol\u00edn y bajo continuo en Do menor de la \u201cOfrenda Musical\u201d, BWV 1079, Nr. 8 de J.S. Bach,\u00a0interpretada por Luis Mart\u00ednez, Lathika Vithanage, Teodoro Ba\u00f9 y Joan Boronat.<\/p><p>Grabada en directo en la Schola Cantorum Basiliensis de Basilea.<\/p><p>Disponible tambi\u00e9n en <a href=\"https:\/\/vimeo.com\/laguirlande\" target=\"_blank\" rel=\"noopener\">Vimeo <\/a>y <a href=\"https:\/\/soundcloud.com\/la-guirlande-baroque-music\/sets\/j-s-bach-triosonata-in-c-minor-and-canon-perpetuus-from-the-musical-offering-bwv-1079-nr-8\" target=\"_blank\" rel=\"noopener\">s\u00f3lo audio en Soundcloud<\/a>, ambos\u00a0con descarga gratuita.[\/vc_column_text][\/vc_column][vc_column width=\"1\/6\"][vc_column_text]<br \/>[\/vc_column_text][\/vc_column][\/vc_row][vc_row row_type=\"row\" use_row_as_full_screen_section=\"no\" type=\"full_width\" text_align=\"left\" css_animation=\"\" css=\".vc_custom_1546620152644{margin-top: 4% !important;margin-bottom: 4% !important;}\"][vc_column width=\"1\/6\"][\/vc_column][vc_column width=\"2\/3\"][vc_separator type=\"full_width\" color=\"#b5b5b5\" border_style=\"solid\" thickness=\"0,1\"][\/vc_column][vc_column width=\"1\/6\"][\/vc_column][\/vc_row][vc_row row_type=\"row\" use_row_as_full_screen_section=\"no\" type=\"full_width\" text_align=\"left\" css_animation=\"\" css=\".vc_custom_1549220275747{margin-bottom: 0px !important;}\"][vc_column width=\"1\/6\"][vc_column_text]<br \/>[\/vc_column_text][\/vc_column][vc_column width=\"2\/3\" css=\".vc_custom_1549220270717{margin-bottom: 0px !important;}\"][vc_single_image image=\"1209\" img_size=\"full\" qode_css_animation=\"element_from_fade\" css=\".vc_custom_1505035861872{padding-bottom: 25px !important;}\"][vc_accordion active_tab=\"false\" collapsible=\"yes\" style=\"accordion\" accordion_border_radius=\"0.2\"][vc_accordion_tab title=\"Galer\u00eda de im\u00e1genes\"][vc_gallery type=\"image_grid\" images=\"1210,1211\" column_number=\"5\" grayscale=\"no\" space_between_images=\"no\" css=\".vc_custom_1505035901957{padding-bottom: 25px !important;}\"][\/vc_accordion_tab][\/vc_accordion][vc_column_text css=\".vc_custom_1549219571225{margin-top: 2% !important;}\"]<span style=\"color: #c4c4c4;\">07\/03\/2017<\/span>[\/vc_column_text][vc_column_text]<span style=\"color: #000000;\">La Guirlande en el\u00a0XXVII Festival de Arte Sacro de la Comunidad de Madrid<\/span>[\/vc_column_text][vc_column_text]El pasado 6 de Marzo, en el marco del XXVII Festival de Arte Sacro de la Comunidad de Madrid, <em>La Guirlande<\/em> estuvo presente con la primera interpretaci\u00f3n de su\u00a0programa <a href=\"https:\/\/laguirlande.com\/REPLACE\/proyectos\/\">\u201cEn el nombre del Padre\u201d<\/a>,\u00a0un programa dedicado enteramente a la m\u00fasica de J. S. Bach, desde un enfoque m\u00edstico.<\/p><p>Las excelentes cr\u00edticas recibidas de diversos medios, como las revistas Codalario y Scherzo, no se hicieron esperar, y pueden leerse en nuestra secci\u00f3n de <a href=\"https:\/\/laguirlande.com\/REPLACE\/prensa\/\">prensa<\/a>.[\/vc_column_text][\/vc_column][vc_column width=\"1\/6\"][vc_column_text]<br \/>[\/vc_column_text][\/vc_column][\/vc_row][vc_row row_type=\"row\" use_row_as_full_screen_section=\"no\" type=\"full_width\" text_align=\"left\" css_animation=\"\" css=\".vc_custom_1546620152644{margin-top: 4% !important;margin-bottom: 4% !important;}\"][vc_column width=\"1\/6\"][\/vc_column][vc_column width=\"2\/3\"][vc_separator type=\"full_width\" color=\"#b5b5b5\" border_style=\"solid\" thickness=\"0,1\"][\/vc_column][vc_column width=\"1\/6\"][\/vc_column][\/vc_row][vc_row row_type=\"row\" use_row_as_full_screen_section=\"no\" type=\"full_width\" text_align=\"left\" css_animation=\"\" css=\".vc_custom_1549220289012{margin-bottom: 0px !important;}\"][vc_column width=\"1\/6\"][vc_column_text]<br \/>[\/vc_column_text][\/vc_column][vc_column width=\"2\/3\" css=\".vc_custom_1549220283982{margin-bottom: 0px !important;}\"][vc_single_image image=\"1010\" img_size=\"full\" qode_css_animation=\"element_from_fade\" css=\".vc_custom_1487512382864{padding-bottom: 25px !important;}\"][vc_column_text]<span style=\"color: #c4c4c4;\">07\/03\/2017<\/span>[\/vc_column_text][vc_column_text]<span style=\"color: #0a0a0a;\">Clases Magistrales en el CSMA<\/span>[\/vc_column_text][vc_column_text]<\/p><p class=\"gmail_msg\">El d\u00eda 7 de Marzo de 2017, Alfonso Sebasti\u00e1n y <span class=\"lG\">Luis<\/span> Mart\u00ednez estar\u00e1n en Zaragoza para participar en las \"Jornadas entorno a la m\u00fasica para flauta de J. S. Bach y el Tratado de J. J. Quantz\" celebradas en el CSMA. Ambos int\u00e9rpretes impartir\u00e1n una Masterclass, hablar\u00e1n de la traducci\u00f3n al espa\u00f1ol del tratado de J. J. Quantz, y dar\u00e1n un recital al final de la jornada.<\/p><p class=\"gmail_msg\">Para m\u00e1s informaci\u00f3n:<\/p><p class=\"gmail_msg\"><a href=\"https:\/\/www.csma.es\/csmawp\/los-estudios\/clases-magistrales\/\" target=\"_blank\" rel=\"noopener\">Clases Magistrales. CSMA<\/a><\/p><p>[\/vc_column_text][\/vc_column][vc_column width=\"1\/6\"][vc_column_text]<br \/>[\/vc_column_text][\/vc_column][\/vc_row][vc_row row_type=\"row\" use_row_as_full_screen_section=\"no\" type=\"full_width\" text_align=\"left\" css_animation=\"\" css=\".vc_custom_1546620152644{margin-top: 4% !important;margin-bottom: 4% !important;}\"][vc_column width=\"1\/6\"][\/vc_column][vc_column width=\"2\/3\"][vc_separator type=\"full_width\" color=\"#b5b5b5\" border_style=\"solid\" thickness=\"0,1\"][\/vc_column][vc_column width=\"1\/6\"][\/vc_column][\/vc_row][vc_row row_type=\"row\" use_row_as_full_screen_section=\"no\" type=\"full_width\" text_align=\"left\" css_animation=\"\" css=\".vc_custom_1549220299706{margin-bottom: 0px !important;}\"][vc_column width=\"1\/6\"][vc_column_text]<br \/>[\/vc_column_text][\/vc_column][vc_column width=\"2\/3\" css=\".vc_custom_1549220294946{margin-bottom: 0px !important;}\"][vc_single_image image=\"1003\" img_size=\"full\" qode_css_animation=\"element_from_fade\" css=\".vc_custom_1487511049119{padding-bottom: 25px !important;}\"][vc_column_text]<span style=\"color: #c4c4c4;\">06\/03\/2017<\/span>[\/vc_column_text][vc_column_text]<span style=\"color: #0a0a0a;\">XXVII Festival de Arte Sacro de la Comunidad de Madrid<\/span>[\/vc_column_text][vc_column_text]<\/p><p class=\"gmail_msg\">El pr\u00f3ximo 6 de Marzo de 2017, <em>La Guirlande<\/em> participar\u00e1 en la\u00a0<a href=\"http:\/\/www.madrid.org\/artesacro\/2017\/index.html\" target=\"_blank\" rel=\"noopener\">XXVII edici\u00f3n del Festival de Arte Sacro de la Comunidad de Madrid<\/a>, en donde interpretar\u00e1 <a href=\"https:\/\/laguirlande.com\/REPLACE\/proyectos\/\">\"En el Nombre del Padre\"<\/a>, un programa dedicado enteramente a la m\u00fasica de J. S. Bach, desde un enfoque m\u00edstico.<\/p><p class=\"gmail_msg\">M\u00e1s informaci\u00f3n\u00a0acerca del programa y los int\u00e9rpretes en:<\/p><p><a href=\"http:\/\/www.madrid.org\/artesacro\/2017\/laguirlande.html\" target=\"_blank\" rel=\"noopener\">Arte Sacro. La Guirlande<\/a>[\/vc_column_text][\/vc_column][vc_column width=\"1\/6\"][vc_column_text]<br \/>[\/vc_column_text][\/vc_column][\/vc_row][vc_row row_type=\"row\" use_row_as_full_screen_section=\"no\" type=\"full_width\" text_align=\"left\" css_animation=\"\" css=\".vc_custom_1546620152644{margin-top: 4% !important;margin-bottom: 4% !important;}\"][vc_column width=\"1\/6\"][\/vc_column][vc_column width=\"2\/3\"][vc_separator type=\"full_width\" color=\"#b5b5b5\" border_style=\"solid\" thickness=\"0,1\"][\/vc_column][vc_column width=\"1\/6\"][\/vc_column][\/vc_row][vc_row row_type=\"row\" use_row_as_full_screen_section=\"no\" type=\"full_width\" text_align=\"left\" css_animation=\"\" css=\".vc_custom_1549220309606{margin-bottom: 0px !important;}\"][vc_column width=\"1\/6\"][vc_column_text]<br \/>[\/vc_column_text][\/vc_column][vc_column width=\"2\/3\" css=\".vc_custom_1549220304980{margin-bottom: 0px !important;}\"][vc_column_text][iframe id=\"https:\/\/www.youtube.com\/embed\/-Mwonxl7JBs?list=PLmCw6q1ZlmlCSPN-MVBGEjukUKE0ipX2w\" frameborder=\"0\" maxwidth=\"1920\"][\/vc_column_text][vc_column_text css=\".vc_custom_1505034522076{padding-top: 25px !important;}\"]<span style=\"color: #c4c4c4;\">12\/01\/2017<\/span>[\/vc_column_text][vc_column_text]<span style=\"color: #0a0a0a;\">Nueva grabaci\u00f3n. Sonata para flauta de C.P.E. Bach<\/span>[\/vc_column_text][vc_column_text]\u201cHamburger\u201d Sonata para flauta y continuo en Sol mayor, Wq. 133, H.564 \u00a0de C.P.E Bach,\u00a0interpretada por Luis Mart\u00ednez y Joan Boronat.<\/p><p>Grabada en directo en la Schola Cantorum Basiliensis de Basilea.<\/p><p>Disponible tambi\u00e9n en <a href=\"https:\/\/vimeo.com\/laguirlande\" target=\"_blank\" rel=\"noopener\">Vimeo <\/a>y <a href=\"https:\/\/soundcloud.com\/la-guirlande-baroque-music\/sets\/c-p-e-bach-hamburger-sonata-in-g-major-for-flute-and-continuo-wq-133-h-564\" target=\"_blank\" rel=\"noopener\">s\u00f3lo audio en Soundcloud<\/a>, ambos\u00a0con descarga gratuita.[\/vc_column_text][\/vc_column][vc_column width=\"1\/6\"][vc_column_text]<br \/>[\/vc_column_text][\/vc_column][\/vc_row][vc_row row_type=\"row\" use_row_as_full_screen_section=\"no\" type=\"full_width\" text_align=\"left\" css_animation=\"\" css=\".vc_custom_1546620152644{margin-top: 4% !important;margin-bottom: 4% !important;}\"][vc_column width=\"1\/6\"][\/vc_column][vc_column width=\"2\/3\"][vc_separator type=\"full_width\" color=\"#b5b5b5\" border_style=\"solid\" thickness=\"0,1\"][\/vc_column][vc_column width=\"1\/6\"][\/vc_column][\/vc_row][vc_row row_type=\"row\" use_row_as_full_screen_section=\"no\" type=\"full_width\" text_align=\"left\" css_animation=\"\" css=\".vc_custom_1549220348330{margin-bottom: 0px !important;}\"][vc_column width=\"1\/6\"][vc_column_text]<br \/>[\/vc_column_text][\/vc_column][vc_column width=\"2\/3\" css=\".vc_custom_1549220342614{margin-bottom: 0px !important;}\"][vc_column_text][iframe id=\"https:\/\/www.youtube.com\/embed\/3HOre0xxVaE\" frameborder=\"0\" maxwidth=\"1920\"][\/vc_column_text][vc_column_text css=\".vc_custom_1505034140443{padding-top: 25px !important;}\"]<span style=\"color: #c4c4c4;\">27\/11\/2016<\/span>[\/vc_column_text][vc_column_text]<span style=\"color: #0a0a0a;\">Nueva grabaci\u00f3n. Trio para flauta, viol\u00edn y cello de J.Ch. Bach<\/span>[\/vc_column_text][vc_column_text]Tr\u00edo para flauta, viol\u00edn y cello en Fa mayor, W.B 40, Op. 8 Nr.6 \u00a0de J.Ch. Bach,\u00a0interpretado por Luis Mart\u00ednez, Shio Ohshita y Carla Rovirosa.<\/p><p>Grabado en directo en la Schola Cantorum Basiliensis de Basilea.<\/p><p>Disponible tambi\u00e9n en <a href=\"https:\/\/vimeo.com\/laguirlande\" target=\"_blank\" rel=\"noopener\">Vimeo <\/a>y <a href=\"https:\/\/soundcloud.com\/la-guirlande-baroque-music\/sets\/j-ch-bach-trio-in-f-major-wb-40-op-8-nr6-flute-violin-cello-version\" target=\"_blank\" rel=\"noopener\">s\u00f3lo audio en Soundcloud<\/a>, ambos\u00a0con descarga gratuita.[\/vc_column_text][\/vc_column][vc_column width=\"1\/6\"][vc_column_text]<br \/>[\/vc_column_text][\/vc_column][\/vc_row][vc_row row_type=\"row\" use_row_as_full_screen_section=\"no\" type=\"full_width\" text_align=\"left\" css_animation=\"\" css=\".vc_custom_1546620152644{margin-top: 4% !important;margin-bottom: 4% !important;}\"][vc_column width=\"1\/6\"][\/vc_column][vc_column width=\"2\/3\"][vc_separator type=\"full_width\" color=\"#b5b5b5\" border_style=\"solid\" thickness=\"0,1\"][\/vc_column][vc_column width=\"1\/6\"][\/vc_column][\/vc_row][vc_row row_type=\"row\" use_row_as_full_screen_section=\"no\" type=\"full_width\" text_align=\"left\" css_animation=\"\" css=\".vc_custom_1549220360376{margin-bottom: 0px !important;}\"][vc_column width=\"1\/6\"][vc_column_text]<br \/>[\/vc_column_text][\/vc_column][vc_column width=\"2\/3\" css=\".vc_custom_1549220355467{margin-bottom: 0px !important;}\"][vc_column_text][iframe id=\"https:\/\/www.youtube.com\/embed\/w_eRCR7YQo0\" align=\"center\" mode=\"normal\" aspect_ratio=\"16:9\" maxwidth=\"1920\"][\/vc_column_text][vc_column_text css=\".vc_custom_1478973670552{padding-top: 25px !important;}\"]<span style=\"color: #c4c4c4;\">12\/11\/2016<\/span>[\/vc_column_text][vc_column_text]<span style=\"color: #0a0a0a;\">Nueva grabaci\u00f3n. Sonata para flauta de W.F. Bach<\/span>[\/vc_column_text][vc_column_text]Sonata para flauta en Mi menor BR WFB B 17\u00a0 de W.F. Bach,\u00a0interpretada por Luis Mart\u00ednez y Joan Boronat.<\/p><p>Grabada en directo en la Schola Cantorum Basiliensis de Basilea.<\/p><p>Disponible tambi\u00e9n en <a href=\"https:\/\/vimeo.com\/laguirlande\" target=\"_blank\" rel=\"noopener\">Vimeo <\/a>y <a href=\"https:\/\/soundcloud.com\/la-guirlande-baroque-music\/sets\/w-f-bach-flute-sonata-in-e-minor-br-wfb-b-17\" target=\"_blank\" rel=\"noopener\">s\u00f3lo audio en Soundcloud<\/a>, ambos\u00a0con descarga gratuita.[\/vc_column_text][\/vc_column][vc_column width=\"1\/6\"][vc_column_text]<br \/>[\/vc_column_text][\/vc_column][\/vc_row][vc_row row_type=\"row\" use_row_as_full_screen_section=\"no\" type=\"full_width\" text_align=\"left\" css_animation=\"\" css=\".vc_custom_1546620152644{margin-top: 4% !important;margin-bottom: 4% !important;}\"][vc_column width=\"1\/6\"][\/vc_column][vc_column width=\"2\/3\"][vc_separator type=\"full_width\" color=\"#b5b5b5\" border_style=\"solid\" thickness=\"0,1\"][\/vc_column][vc_column width=\"1\/6\"][\/vc_column][\/vc_row][vc_row row_type=\"row\" use_row_as_full_screen_section=\"no\" type=\"full_width\" text_align=\"left\" css_animation=\"\" css=\".vc_custom_1549220371942{margin-bottom: 0px !important;}\"][vc_column width=\"1\/6\"][vc_column_text]<br \/>[\/vc_column_text][\/vc_column][vc_column width=\"2\/3\" css=\".vc_custom_1549220367180{margin-bottom: 0px !important;}\"][vc_single_image image=\"929\" img_size=\"495x700\" alignment=\"center\" qode_css_animation=\"element_from_fade\" css=\".vc_custom_1549219400107{padding-bottom: 25px !important;}\"][vc_accordion active_tab=\"false\" collapsible=\"yes\" style=\"accordion\" accordion_border_radius=\"0.2\"][vc_accordion_tab title=\"Galer\u00eda de im\u00e1genes\"][vc_gallery type=\"image_grid\" images=\"927,928,930,931,932,933,934\" column_number=\"5\" grayscale=\"no\" space_between_images=\"no\" css=\".vc_custom_1474968960900{padding-bottom: 25px !important;}\"][\/vc_accordion_tab][\/vc_accordion][vc_column_text css=\".vc_custom_1549219584925{margin-top: 2% !important;}\"]<span style=\"color: #c4c4c4;\">16\/07\/2016<\/span>[\/vc_column_text][vc_column_text]<span style=\"color: #000000;\">La Guirlande, ganadores del V Concurso Internacional de M\u00fasica Antigua de Gij\u00f3n<\/span>[\/vc_column_text][vc_column_text]El pasado 15 de Julio, <em>La Guirlande<\/em> se proclam\u00f3 ganador del <a href=\"http:\/\/cultura.gijon.es\/page\/16299-v-concurso-internacional\">V Concurso Internacional de M\u00fasica Antigua de Gij\u00f3n<\/a>. Alrededor de 20 grupos se presentaron a la fase previa del concurso, de los cuales tan solo 6 fueron elegidos para participar en la fase final del concurso.<\/p><p>Las excelentes cr\u00edticas recibidas del diario La Nueva Espa\u00f1a, tanto de la semifinal como de la final, pueden leerse en nuestra secci\u00f3n de <a href=\"https:\/\/laguirlande.com\/REPLACE\/prensa\/\">prensa<\/a>.[\/vc_column_text][\/vc_column][vc_column width=\"1\/6\"][vc_column_text]<br \/>[\/vc_column_text][\/vc_column][\/vc_row][vc_row row_type=\"row\" use_row_as_full_screen_section=\"no\" type=\"full_width\" text_align=\"left\" css_animation=\"\" css=\".vc_custom_1546620152644{margin-top: 4% !important;margin-bottom: 4% !important;}\"][vc_column width=\"1\/6\"][\/vc_column][vc_column width=\"2\/3\"][vc_separator type=\"full_width\" color=\"#b5b5b5\" border_style=\"solid\" thickness=\"0,1\"][\/vc_column][vc_column width=\"1\/6\"][\/vc_column][\/vc_row][vc_row row_type=\"row\" use_row_as_full_screen_section=\"no\" type=\"full_width\" text_align=\"left\" css_animation=\"\" css=\".vc_custom_1549220385071{margin-bottom: 0px !important;}\"][vc_column width=\"1\/6\"][vc_column_text]<br \/>[\/vc_column_text][\/vc_column][vc_column width=\"2\/3\" css=\".vc_custom_1549220379046{margin-bottom: 0px !important;}\"][vc_single_image image=\"819\" img_size=\"full\" alignment=\"center\" qode_css_animation=\"element_from_fade\" css=\".vc_custom_1464111987659{padding-bottom: 25px !important;}\"][vc_column_text]<span style=\"color: #c4c4c4;\">24\/05\/2016<\/span>[\/vc_column_text][vc_column_text]<span style=\"color: #0a0a0a;\">Dosis elevadas de gula musical<\/span>[\/vc_column_text][vc_column_text]En el marco de\u00a0la edici\u00f3n 2016 del Festival de M\u00fasica Antigua de Santa Isabel de Portugal, <em>La Guirlande<\/em> estuvo presente con la primera interpretaci\u00f3n de su\u00a0programa <a href=\"https:\/\/laguirlande.com\/REPLACE\/proyectos\/\">\"Al gusto de su Gracios\u00edsima Majestad\"<\/a>. Compartieron\u00a0cartel con grandes grupos como <a href=\"http:\/\/www.losmusicosdesualteza.com\/\">Los M\u00fasicos de su Alteza<\/a>, <a href=\"http:\/\/www.alayreespanol.com\/\">Al Ayre Espa\u00f1ol<\/a> o <a href=\"http:\/\/eltrovardelosafectos.blogspot.com.es\/\">El Trovar de los Afectos<\/a>.<\/p><p>La cr\u00edtica de El\u00a0Heraldo de Arag\u00f3n no tard\u00f3 en hacerse\u00a0esperar y puede leerse en nuestra secci\u00f3n de <a href=\"https:\/\/laguirlande.com\/REPLACE\/prensa\/\">prensa<\/a>.<\/p><p>\u00a0<\/p><p>Dibujo de cabecera por\u00a0Clara Marta Moreno[\/vc_column_text][\/vc_column][vc_column width=\"1\/6\"][vc_column_text]<br \/>[\/vc_column_text][\/vc_column][\/vc_row][vc_row row_type=\"row\" use_row_as_full_screen_section=\"no\" type=\"full_width\" text_align=\"left\" css_animation=\"\" css=\".vc_custom_1546620152644{margin-top: 4% !important;margin-bottom: 4% !important;}\"][vc_column width=\"1\/6\"][\/vc_column][vc_column width=\"2\/3\"][vc_separator type=\"full_width\" color=\"#b5b5b5\" border_style=\"solid\" thickness=\"0,1\"][\/vc_column][vc_column width=\"1\/6\"][\/vc_column][\/vc_row][vc_row row_type=\"row\" use_row_as_full_screen_section=\"no\" type=\"full_width\" text_align=\"left\" css_animation=\"\" css=\".vc_custom_1549220398224{margin-bottom: 0px !important;}\"][vc_column width=\"1\/6\"][vc_column_text]<br \/>[\/vc_column_text][\/vc_column][vc_column width=\"2\/3\" css=\".vc_custom_1549220391474{margin-bottom: 0px !important;}\"][vc_column_text]<\/p><p>[iframe id=\"https:\/\/www.youtube.com\/embed\/nJ70q0SHH-M\" align=\"center\" mode=\"normal\" aspect_ratio=\"16:9\" maxwidth=\"1920\"]<\/p><p>[\/vc_column_text][vc_column_text css=\".vc_custom_1456221972588{padding-top: 25px !important;}\"]<\/p><p><span style=\"color: #c4c4c4;\">23\/02\/2016<\/span><\/p><p>[\/vc_column_text][vc_column_text]<\/p><p><span style=\"color: #0a0a0a;\">Nueva grabaci\u00f3n. Sonata para flauta de C.P.E. Bach<\/span><\/p><p>[\/vc_column_text][vc_column_text]Sonata para flauta en Re Mayor Wq. 131, H.561 de C.P.E. Bach,\u00a0interpretada por Luis Mart\u00ednez y Alfonso Sebasti\u00e1n.<\/p><p>Grabada en el Conservatorio Profesional de M\u00fasica de Salamanca.<\/p><p>Disponible tambi\u00e9n en <a href=\"https:\/\/vimeo.com\/laguirlande\" target=\"_blank\" rel=\"noopener\">Vimeo <\/a>y <a href=\"https:\/\/soundcloud.com\/la-guirlande-baroque-music\/sets\/cpe-bach-flute-sonata-in-d-major-wq-131-h-561-luis-martinez-pueyo\" target=\"_blank\" rel=\"noopener\">s\u00f3lo audio en Soundcloud<\/a>, ambos\u00a0con descarga gratuita.[\/vc_column_text][\/vc_column][vc_column width=\"1\/6\"][vc_column_text]<br \/>[\/vc_column_text][\/vc_column][\/vc_row][vc_row row_type=\"row\" use_row_as_full_screen_section=\"no\" type=\"full_width\" text_align=\"left\" css_animation=\"\" css=\".vc_custom_1546620152644{margin-top: 4% !important;margin-bottom: 4% !important;}\"][vc_column width=\"1\/6\"][\/vc_column][vc_column width=\"2\/3\"][vc_separator type=\"full_width\" color=\"#b5b5b5\" border_style=\"solid\" thickness=\"0,1\"][\/vc_column][vc_column width=\"1\/6\"][\/vc_column][\/vc_row][vc_row row_type=\"row\" use_row_as_full_screen_section=\"no\" type=\"full_width\" text_align=\"left\" css_animation=\"\"][vc_column width=\"1\/6\"][vc_column_text]<br \/>[\/vc_column_text][\/vc_column][vc_column width=\"2\/3\" css=\".vc_custom_1451949828413{margin-bottom: 50px !important;}\"][vc_single_image image=\"244\" img_size=\"full\" alignment=\"center\" qode_css_animation=\"element_from_fade\" css=\".vc_custom_1451950695031{padding-bottom: 25px !important;}\"][vc_column_text]<\/p><p><span style=\"color: #c4c4c4;\">05\/01\/2016<\/span><\/p><p>[\/vc_column_text][vc_column_text]<\/p><p><span style=\"color: #0a0a0a;\">Bienvenidos a La Guirlande<\/span><\/p><p>[\/vc_column_text][vc_column_text]<em>La Guirlande<\/em> inicia una nueva etapa comenzando a difundir\u00a0su actividad con la intenci\u00f3n de transmitir al p\u00fablico la magia de la m\u00fasica de los siglos XVIII y XIX.<\/p><p>Definimos la identidad del grupo ligada tanto a la etapa hist\u00f3rica que da lugar a nuestras interpretaciones como al presente, convencidos de\u00a0que el car\u00e1cter atemporal de las grandes obras las hace vigentes tambi\u00e9n hoy en d\u00eda.<\/p><p>A partir de este momento <em>La Guirlande<\/em> se manifiesta en diversos lugares en la red, teniendo la posibilidad de\u00a0seguirnos\u00a0en <a href=\"https:\/\/www.facebook.com\/laguirlandeluismartinez\/?fref=ts\" target=\"_blank\" rel=\"noopener\">Facebook<\/a>, <a href=\"https:\/\/www.youtube.com\/channel\/UC9KhMK6UgqIkGtvCLQL3YUg\" target=\"_blank\" rel=\"noopener\">Youtube<\/a>, <a href=\"https:\/\/vimeo.com\/laguirlande\" target=\"_blank\" rel=\"noopener\">Vimeo<\/a>, <a href=\"https:\/\/soundcloud.com\/la-guirlande-baroque-music\" target=\"_blank\" rel=\"noopener\">Soundcloud<\/a>, o esta misma p\u00e1gina.<br \/>La p\u00e1gina web de <em>La Guirlande<\/em> ser\u00e1 un espacio resumen de contenidos, informaci\u00f3n y actualidad del grupo que ir\u00e1 cambiando con el tiempo, por lo que le invitamos a a\u00f1adirnos a favoritos y visitarnos eventualmente.<\/p><p>\u00a0<\/p><p>La direcci\u00f3n de La Guirlande.[\/vc_column_text][\/vc_column][vc_column width=\"1\/6\"][vc_column_text]<br \/>[\/vc_column_text][\/vc_column][\/vc_row]<\/p>","_et_gb_content_width":"","footnotes":""},"class_list":["post-654","page","type-page","status-publish","hentry"],"yoast_head":"<!-- This site is optimized with the Yoast SEO plugin v27.5 - https:\/\/yoast.com\/product\/yoast-seo-wordpress\/ -->\n<title>News - La Guirlande<\/title>\n<meta name=\"robots\" content=\"index, follow, max-snippet:-1, max-image-preview:large, max-video-preview:-1\" \/>\n<link rel=\"canonical\" href=\"https:\/\/laguirlande.com\/en\/news\/\" \/>\n<meta property=\"og:locale\" content=\"en_US\" \/>\n<meta property=\"og:type\" content=\"article\" \/>\n<meta property=\"og:title\" content=\"News - La Guirlande\" \/>\n<meta property=\"og:url\" content=\"https:\/\/laguirlande.com\/en\/news\/\" \/>\n<meta property=\"og:site_name\" content=\"La Guirlande\" \/>\n<meta property=\"article:modified_time\" content=\"2019-09-19T16:07:40+00:00\" \/>\n<meta name=\"twitter:card\" content=\"summary_large_image\" \/>\n<meta name=\"twitter:label1\" content=\"Est. reading time\" \/>\n\t<meta name=\"twitter:data1\" content=\"1 minute\" \/>\n<script type=\"application\/ld+json\" class=\"yoast-schema-graph\">{\"@context\":\"https:\\\/\\\/schema.org\",\"@graph\":[{\"@type\":\"WebPage\",\"@id\":\"https:\\\/\\\/laguirlande.com\\\/en\\\/news\\\/\",\"url\":\"https:\\\/\\\/laguirlande.com\\\/en\\\/news\\\/\",\"name\":\"News - La Guirlande\",\"isPartOf\":{\"@id\":\"https:\\\/\\\/laguirlande.com\\\/#website\"},\"datePublished\":\"2015-12-29T13:46:32+00:00\",\"dateModified\":\"2019-09-19T16:07:40+00:00\",\"breadcrumb\":{\"@id\":\"https:\\\/\\\/laguirlande.com\\\/en\\\/news\\\/#breadcrumb\"},\"inLanguage\":\"en-US\",\"potentialAction\":[{\"@type\":\"ReadAction\",\"target\":[\"https:\\\/\\\/laguirlande.com\\\/en\\\/news\\\/\"]}]},{\"@type\":\"BreadcrumbList\",\"@id\":\"https:\\\/\\\/laguirlande.com\\\/en\\\/news\\\/#breadcrumb\",\"itemListElement\":[{\"@type\":\"ListItem\",\"position\":1,\"name\":\"Portada\",\"item\":\"https:\\\/\\\/laguirlande.com\\\/en\\\/\"},{\"@type\":\"ListItem\",\"position\":2,\"name\":\"News\"}]},{\"@type\":\"WebSite\",\"@id\":\"https:\\\/\\\/laguirlande.com\\\/#website\",\"url\":\"https:\\\/\\\/laguirlande.com\\\/\",\"name\":\"La Guirlande\",\"description\":\"M\u00fasica del siglo XVIII y XIX interpretada con criterios historicistas.\",\"potentialAction\":[{\"@type\":\"SearchAction\",\"target\":{\"@type\":\"EntryPoint\",\"urlTemplate\":\"https:\\\/\\\/laguirlande.com\\\/?s={search_term_string}\"},\"query-input\":{\"@type\":\"PropertyValueSpecification\",\"valueRequired\":true,\"valueName\":\"search_term_string\"}}],\"inLanguage\":\"en-US\"}]}<\/script>\n<!-- \/ Yoast SEO plugin. -->","yoast_head_json":{"title":"News - La Guirlande","robots":{"index":"index","follow":"follow","max-snippet":"max-snippet:-1","max-image-preview":"max-image-preview:large","max-video-preview":"max-video-preview:-1"},"canonical":"https:\/\/laguirlande.com\/en\/news\/","og_locale":"en_US","og_type":"article","og_title":"News - La Guirlande","og_url":"https:\/\/laguirlande.com\/en\/news\/","og_site_name":"La Guirlande","article_modified_time":"2019-09-19T16:07:40+00:00","twitter_card":"summary_large_image","twitter_misc":{"Est. reading time":"1 minute"},"schema":{"@context":"https:\/\/schema.org","@graph":[{"@type":"WebPage","@id":"https:\/\/laguirlande.com\/en\/news\/","url":"https:\/\/laguirlande.com\/en\/news\/","name":"News - La Guirlande","isPartOf":{"@id":"https:\/\/laguirlande.com\/#website"},"datePublished":"2015-12-29T13:46:32+00:00","dateModified":"2019-09-19T16:07:40+00:00","breadcrumb":{"@id":"https:\/\/laguirlande.com\/en\/news\/#breadcrumb"},"inLanguage":"en-US","potentialAction":[{"@type":"ReadAction","target":["https:\/\/laguirlande.com\/en\/news\/"]}]},{"@type":"BreadcrumbList","@id":"https:\/\/laguirlande.com\/en\/news\/#breadcrumb","itemListElement":[{"@type":"ListItem","position":1,"name":"Portada","item":"https:\/\/laguirlande.com\/en\/"},{"@type":"ListItem","position":2,"name":"News"}]},{"@type":"WebSite","@id":"https:\/\/laguirlande.com\/#website","url":"https:\/\/laguirlande.com\/","name":"La Guirlande","description":"M\u00fasica del siglo XVIII y XIX interpretada con criterios historicistas.","potentialAction":[{"@type":"SearchAction","target":{"@type":"EntryPoint","urlTemplate":"https:\/\/laguirlande.com\/?s={search_term_string}"},"query-input":{"@type":"PropertyValueSpecification","valueRequired":true,"valueName":"search_term_string"}}],"inLanguage":"en-US"}]}},"_links":{"self":[{"href":"https:\/\/laguirlande.com\/en\/wp-json\/wp\/v2\/pages\/654","targetHints":{"allow":["GET"]}}],"collection":[{"href":"https:\/\/laguirlande.com\/en\/wp-json\/wp\/v2\/pages"}],"about":[{"href":"https:\/\/laguirlande.com\/en\/wp-json\/wp\/v2\/types\/page"}],"author":[{"embeddable":true,"href":"https:\/\/laguirlande.com\/en\/wp-json\/wp\/v2\/users\/1"}],"replies":[{"embeddable":true,"href":"https:\/\/laguirlande.com\/en\/wp-json\/wp\/v2\/comments?post=654"}],"version-history":[{"count":85,"href":"https:\/\/laguirlande.com\/en\/wp-json\/wp\/v2\/pages\/654\/revisions"}],"predecessor-version":[{"id":3696,"href":"https:\/\/laguirlande.com\/en\/wp-json\/wp\/v2\/pages\/654\/revisions\/3696"}],"wp:attachment":[{"href":"https:\/\/laguirlande.com\/en\/wp-json\/wp\/v2\/media?parent=654"}],"curies":[{"name":"wp","href":"https:\/\/api.w.org\/{rel}","templated":true}]}}